{"id":6259,"date":"2024-02-11T15:20:45","date_gmt":"2024-02-11T15:20:45","guid":{"rendered":"https:\/\/lokolokomadeira.com\/tour\/wycieczka-minibusem-porto-moniz-zachodnia-czesc-wyspy\/"},"modified":"2025-03-16T19:45:25","modified_gmt":"2025-03-16T19:45:25","slug":"wycieczka-minibusem-porto-moniz-zachodnia-czesc-wyspy","status":"publish","type":"service","link":"https:\/\/lokolokomadeira.com\/pl\/tour\/wycieczka-minibusem-porto-moniz-zachodnia-czesc-wyspy\/","title":{"rendered":"Wycieczka minibusem &#8211; Porto Moniz (Zachodnia cz\u0119\u015b\u0107 wyspy)"},"content":{"rendered":"\n<p class=\"wp-block-paragraph\">To obowi\u0105zkowy punkt programu dla ka\u017cdego turysty odwiedzaj\u0105cego Mader\u0119! W ci\u0105gu jednego dnia b\u0119dziesz mie\u0107 okazj\u0119 zobaczy\u0107 najwa\u017cniejsze atrakcje wyspy. Pierwszym przystankiem jest C\u00e2mara de Lobos, wioska rybacka, w kt\u00f3rej \u0142owi si\u0119 s\u0142ynn\u0105 \u201eespad\u0119\u201d , czyli pa\u0142asza czarnego. Nast\u0119pnie mijamy Cabo Gir\u00e3o (najwy\u017cszy klif morski w Europie, 580 m) i kontynuujemy podr\u00f3\u017c wzd\u0142u\u017c wybrze\u017ca do Ribeira Brava. Z Ponta de Sol rozpoczynamy wspinaczk\u0119 na p\u0142askowy\u017c Pa\u00fal da Serra (na wysoko\u015bci 1400 m). Nast\u0119pnie zje\u017cd\u017camy do miejscowo\u015bci Porto Moniz, gdzie mo\u017cesz podziwia\u0107 naturalne baseny. Podr\u00f3\u017c powrotna wzd\u0142u\u017c p\u00f3\u0142nocnego wybrze\u017ca, mijaj\u0105c Seixal i S\u00e3o Vicente. Wspinaczka do Encumeada (1700 m), sk\u0105d roztacza si\u0119 widok na morze na obu wybrze\u017cach. Powr\u00f3t do Funchal.         <\/p>\n\n<p class=\"wp-block-paragraph\">Trasa: C\u00e2mara de Lobos, Cabo Gir\u00e3o, Ribeira Brava, Encumeada, Pa\u00fal da Serra, Porto Moniz, Seixal, S\u00e3o Vicente<\/p>\n\n<h2 class=\"wp-block-heading\"><strong>Najwa\u017cniejsze punkty<\/strong><\/h2>\n\n<p class=\"wp-block-paragraph\">Camara de Lobos &#8211; Cabo Girao &#8211; Ribeira Brava &#8211; Encumeada &#8211; Paul da Serra &#8211; Porto Moniz &#8211; Seixal &#8211; Sao Vicente<\/p>\n\n<h2 class=\"wp-block-heading\">Mo\u017cliwe terminy<\/h2>\n\n<p class=\"wp-block-paragraph\">ok. 9:00-17:00 <\/p>\n","protected":false},"excerpt":{"rendered":"<p>To obowi\u0105zkowy punkt programu dla ka\u017cdego turysty odwiedzaj\u0105cego Mader\u0119! W ci\u0105gu jednego dnia b\u0119dziesz mie\u0107 okazj\u0119 zobaczy\u0107 najwa\u017cniejsze atrakcje wyspy. Pierwszym przystankiem jest C\u00e2mara de Lobos, wioska rybacka, w kt\u00f3rej \u0142owi si\u0119 s\u0142ynn\u0105 \u201eespad\u0119\u201d , czyli pa\u0142asza czarnego. Nast\u0119pnie mijamy Cabo Gir\u00e3o (najwy\u017cszy klif morski w Europie, 580 m) i kontynuujemy podr\u00f3\u017c wzd\u0142u\u017c wybrze\u017ca do [&hellip;]<\/p>\n","protected":false},"featured_media":6263,"menu_order":82,"template":"","meta":{"_acf_changed":false,"site-sidebar-layout":"default","site-content-layout":"","ast-site-content-layout":"default","site-content-style":"default","site-sidebar-style":"default","ast-global-header-display":"","ast-banner-title-visibility":"","ast-main-header-display":"","ast-hfb-above-header-display":"","ast-hfb-below-header-display":"","ast-hfb-mobile-header-display":"","site-post-title":"","ast-breadcrumbs-content":"","ast-featured-img":"","footer-sml-layout":"","ast-disable-related-posts":"","theme-transparent-header-meta":"","adv-header-id-meta":"","stick-header-meta":"","header-above-stick-meta":"","header-main-stick-meta":"","header-below-stick-meta":"","astra-migrate-meta-layouts":"default","ast-page-background-enabled":"default","ast-page-background-meta":{"desktop":{"background-color":"var(--ast-global-color-4)","background-image":"","background-repeat":"repeat","background-position":"center center","background-size":"auto","background-attachment":"scroll","background-type":"","background-media":"","overlay-type":"","overlay-color":"","overlay-opacity":"","overlay-gradient":""},"tablet":{"background-color":"","background-image":"","background-repeat":"repeat","background-position":"center center","background-size":"auto","background-attachment":"scroll","background-type":"","background-media":"","overlay-type":"","overlay-color":"","overlay-opacity":"","overlay-gradient":""},"mobile":{"background-color":"","background-image":"","background-repeat":"repeat","background-position":"center center","background-size":"auto","background-attachment":"scroll","background-type":"","background-media":"","overlay-type":"","overlay-color":"","overlay-opacity":"","overlay-gradient":""}},"ast-content-background-meta":{"desktop":{"background-color":"var(--ast-global-color-5)","background-image":"","background-repeat":"repeat","background-position":"center center","background-size":"auto","background-attachment":"scroll","background-type":"","background-media":"","overlay-type":"","overlay-color":"","overlay-opacity":"","overlay-gradient":""},"tablet":{"background-color":"var(--ast-global-color-5)","background-image":"","background-repeat":"repeat","background-position":"center center","background-size":"auto","background-attachment":"scroll","background-type":"","background-media":"","overlay-type":"","overlay-color":"","overlay-opacity":"","overlay-gradient":""},"mobile":{"background-color":"var(--ast-global-color-5)","background-image":"","background-repeat":"repeat","background-position":"center center","background-size":"auto","background-attachment":"scroll","background-type":"","background-media":"","overlay-type":"","overlay-color":"","overlay-opacity":"","overlay-gradient":""}}},"service-category":[82,92,90],"class_list":["post-6259","service","type-service","status-publish","has-post-thumbnail","hentry","service-category-aktywnosci-ladowe","service-category-caly-dzien-pl","service-category-wycieczki-minibusem"],"acf":[],"yoast_head":"<!-- This site is optimized with the Yoast SEO plugin v28.3 - https:\/\/yoast.com\/product\/yoast-seo-wordpress\/ -->\n<title>Wycieczka minibusem - Porto Moniz (Zachodnia cz\u0119\u015b\u0107 wyspy) - Lokoloko Madeira<\/title>\n<meta name=\"robots\" content=\"index, follow, max-snippet:-1, max-image-preview:large, max-video-preview:-1\" \/>\n<link rel=\"canonical\" href=\"https:\/\/lokolokomadeira.com\/tour\/minibus-tour-porto-moniz\/\" \/>\n<meta property=\"og:locale\" content=\"pl_PL\" \/>\n<meta property=\"og:type\" content=\"article\" \/>\n<meta property=\"og:title\" content=\"Wycieczka minibusem - Porto Moniz (Zachodnia cz\u0119\u015b\u0107 wyspy) - Lokoloko Madeira\" \/>\n<meta property=\"og:description\" content=\"To obowi\u0105zkowy punkt programu dla ka\u017cdego turysty odwiedzaj\u0105cego Mader\u0119! W ci\u0105gu jednego dnia b\u0119dziesz mie\u0107 okazj\u0119 zobaczy\u0107 najwa\u017cniejsze atrakcje wyspy. Pierwszym przystankiem jest C\u00e2mara de Lobos, wioska rybacka, w kt\u00f3rej \u0142owi si\u0119 s\u0142ynn\u0105 \u201eespad\u0119\u201d , czyli pa\u0142asza czarnego. Nast\u0119pnie mijamy Cabo Gir\u00e3o (najwy\u017cszy klif morski w Europie, 580 m) i kontynuujemy podr\u00f3\u017c wzd\u0142u\u017c wybrze\u017ca do [&hellip;]\" \/>\n<meta property=\"og:url\" content=\"https:\/\/lokolokomadeira.com\/tour\/minibus-tour-porto-moniz\/\" \/>\n<meta property=\"og:site_name\" content=\"Lokoloko Madeira\" \/>\n<meta property=\"article:modified_time\" content=\"2025-03-16T19:45:25+00:00\" \/>\n<meta property=\"og:image\" content=\"https:\/\/lokolokomadeira.com\/wp-content\/uploads\/2024\/02\/porto-moniz.jpg\" \/>\n\t<meta property=\"og:image:width\" content=\"1500\" \/>\n\t<meta property=\"og:image:height\" content=\"1000\" \/>\n\t<meta property=\"og:image:type\" content=\"image\/jpeg\" \/>\n<meta name=\"twitter:card\" content=\"summary_large_image\" \/>\n<meta name=\"twitter:label1\" content=\"Szacowany czas czytania\" \/>\n\t<meta name=\"twitter:data1\" content=\"1 minuta\" \/>\n<script type=\"application\/ld+json\" class=\"yoast-schema-graph\">{\"@context\":\"https:\\\/\\\/schema.org\",\"@graph\":[{\"@type\":\"WebPage\",\"@id\":\"https:\\\/\\\/lokolokomadeira.com\\\/tour\\\/minibus-tour-porto-moniz\\\/\",\"url\":\"https:\\\/\\\/lokolokomadeira.com\\\/tour\\\/minibus-tour-porto-moniz\\\/\",\"name\":\"Wycieczka minibusem - Porto Moniz (Zachodnia cz\u0119\u015b\u0107 wyspy) - Lokoloko Madeira\",\"isPartOf\":{\"@id\":\"https:\\\/\\\/lokolokomadeira.com\\\/#website\"},\"primaryImageOfPage\":{\"@id\":\"https:\\\/\\\/lokolokomadeira.com\\\/tour\\\/minibus-tour-porto-moniz\\\/#primaryimage\"},\"image\":{\"@id\":\"https:\\\/\\\/lokolokomadeira.com\\\/tour\\\/minibus-tour-porto-moniz\\\/#primaryimage\"},\"thumbnailUrl\":\"https:\\\/\\\/lokolokomadeira.com\\\/wp-content\\\/uploads\\\/2024\\\/02\\\/porto-moniz.jpg\",\"datePublished\":\"2024-02-11T15:20:45+00:00\",\"dateModified\":\"2025-03-16T19:45:25+00:00\",\"breadcrumb\":{\"@id\":\"https:\\\/\\\/lokolokomadeira.com\\\/tour\\\/minibus-tour-porto-moniz\\\/#breadcrumb\"},\"inLanguage\":\"pl-PL\",\"potentialAction\":[{\"@type\":\"ReadAction\",\"target\":[\"https:\\\/\\\/lokolokomadeira.com\\\/tour\\\/minibus-tour-porto-moniz\\\/\"]}]},{\"@type\":\"ImageObject\",\"inLanguage\":\"pl-PL\",\"@id\":\"https:\\\/\\\/lokolokomadeira.com\\\/tour\\\/minibus-tour-porto-moniz\\\/#primaryimage\",\"url\":\"https:\\\/\\\/lokolokomadeira.com\\\/wp-content\\\/uploads\\\/2024\\\/02\\\/porto-moniz.jpg\",\"contentUrl\":\"https:\\\/\\\/lokolokomadeira.com\\\/wp-content\\\/uploads\\\/2024\\\/02\\\/porto-moniz.jpg\",\"width\":1500,\"height\":1000},{\"@type\":\"BreadcrumbList\",\"@id\":\"https:\\\/\\\/lokolokomadeira.com\\\/tour\\\/minibus-tour-porto-moniz\\\/#breadcrumb\",\"itemListElement\":[{\"@type\":\"ListItem\",\"position\":1,\"name\":\"Home\",\"item\":\"https:\\\/\\\/lokolokomadeira.com\\\/pl\\\/\"},{\"@type\":\"ListItem\",\"position\":2,\"name\":\"Tours\",\"item\":\"https:\\\/\\\/lokolokomadeira.com\\\/tour\\\/\"},{\"@type\":\"ListItem\",\"position\":3,\"name\":\"Wycieczka minibusem &#8211; Porto Moniz (Zachodnia cz\u0119\u015b\u0107 wyspy)\"}]},{\"@type\":\"WebSite\",\"@id\":\"https:\\\/\\\/lokolokomadeira.com\\\/#website\",\"url\":\"https:\\\/\\\/lokolokomadeira.com\\\/\",\"name\":\"Lokoloko Madeira\",\"description\":\"\",\"publisher\":{\"@id\":\"https:\\\/\\\/lokolokomadeira.com\\\/#organization\"},\"potentialAction\":[{\"@type\":\"SearchAction\",\"target\":{\"@type\":\"EntryPoint\",\"urlTemplate\":\"https:\\\/\\\/lokolokomadeira.com\\\/?s={search_term_string}\"},\"query-input\":{\"@type\":\"PropertyValueSpecification\",\"valueRequired\":true,\"valueName\":\"search_term_string\"}}],\"inLanguage\":\"pl-PL\"},{\"@type\":\"Organization\",\"@id\":\"https:\\\/\\\/lokolokomadeira.com\\\/#organization\",\"name\":\"Lokoloko Madeira\",\"url\":\"https:\\\/\\\/lokolokomadeira.com\\\/\",\"logo\":{\"@type\":\"ImageObject\",\"inLanguage\":\"pl-PL\",\"@id\":\"https:\\\/\\\/lokolokomadeira.com\\\/#\\\/schema\\\/logo\\\/image\\\/\",\"url\":\"https:\\\/\\\/lokolokomadeira.com\\\/wp-content\\\/uploads\\\/2024\\\/01\\\/logo-lokoloko-inverted-footer.svg\",\"contentUrl\":\"https:\\\/\\\/lokolokomadeira.com\\\/wp-content\\\/uploads\\\/2024\\\/01\\\/logo-lokoloko-inverted-footer.svg\",\"caption\":\"Lokoloko Madeira\"},\"image\":{\"@id\":\"https:\\\/\\\/lokolokomadeira.com\\\/#\\\/schema\\\/logo\\\/image\\\/\"}}]}<\/script>\n<!-- \/ Yoast SEO plugin. -->","yoast_head_json":{"title":"Wycieczka minibusem - Porto Moniz (Zachodnia cz\u0119\u015b\u0107 wyspy) - Lokoloko Madeira","robots":{"index":"index","follow":"follow","max-snippet":"max-snippet:-1","max-image-preview":"max-image-preview:large","max-video-preview":"max-video-preview:-1"},"canonical":"https:\/\/lokolokomadeira.com\/tour\/minibus-tour-porto-moniz\/","og_locale":"pl_PL","og_type":"article","og_title":"Wycieczka minibusem - Porto Moniz (Zachodnia cz\u0119\u015b\u0107 wyspy) - Lokoloko Madeira","og_description":"To obowi\u0105zkowy punkt programu dla ka\u017cdego turysty odwiedzaj\u0105cego Mader\u0119! W ci\u0105gu jednego dnia b\u0119dziesz mie\u0107 okazj\u0119 zobaczy\u0107 najwa\u017cniejsze atrakcje wyspy. Pierwszym przystankiem jest C\u00e2mara de Lobos, wioska rybacka, w kt\u00f3rej \u0142owi si\u0119 s\u0142ynn\u0105 \u201eespad\u0119\u201d , czyli pa\u0142asza czarnego. Nast\u0119pnie mijamy Cabo Gir\u00e3o (najwy\u017cszy klif morski w Europie, 580 m) i kontynuujemy podr\u00f3\u017c wzd\u0142u\u017c wybrze\u017ca do [&hellip;]","og_url":"https:\/\/lokolokomadeira.com\/tour\/minibus-tour-porto-moniz\/","og_site_name":"Lokoloko Madeira","article_modified_time":"2025-03-16T19:45:25+00:00","og_image":[{"width":1500,"height":1000,"url":"https:\/\/lokolokomadeira.com\/wp-content\/uploads\/2024\/02\/porto-moniz.jpg","type":"image\/jpeg"}],"twitter_card":"summary_large_image","twitter_misc":{"Szacowany czas czytania":"1 minuta"},"schema":{"@context":"https:\/\/schema.org","@graph":[{"@type":"WebPage","@id":"https:\/\/lokolokomadeira.com\/tour\/minibus-tour-porto-moniz\/","url":"https:\/\/lokolokomadeira.com\/tour\/minibus-tour-porto-moniz\/","name":"Wycieczka minibusem - Porto Moniz (Zachodnia cz\u0119\u015b\u0107 wyspy) - Lokoloko Madeira","isPartOf":{"@id":"https:\/\/lokolokomadeira.com\/#website"},"primaryImageOfPage":{"@id":"https:\/\/lokolokomadeira.com\/tour\/minibus-tour-porto-moniz\/#primaryimage"},"image":{"@id":"https:\/\/lokolokomadeira.com\/tour\/minibus-tour-porto-moniz\/#primaryimage"},"thumbnailUrl":"https:\/\/lokolokomadeira.com\/wp-content\/uploads\/2024\/02\/porto-moniz.jpg","datePublished":"2024-02-11T15:20:45+00:00","dateModified":"2025-03-16T19:45:25+00:00","breadcrumb":{"@id":"https:\/\/lokolokomadeira.com\/tour\/minibus-tour-porto-moniz\/#breadcrumb"},"inLanguage":"pl-PL","potentialAction":[{"@type":"ReadAction","target":["https:\/\/lokolokomadeira.com\/tour\/minibus-tour-porto-moniz\/"]}]},{"@type":"ImageObject","inLanguage":"pl-PL","@id":"https:\/\/lokolokomadeira.com\/tour\/minibus-tour-porto-moniz\/#primaryimage","url":"https:\/\/lokolokomadeira.com\/wp-content\/uploads\/2024\/02\/porto-moniz.jpg","contentUrl":"https:\/\/lokolokomadeira.com\/wp-content\/uploads\/2024\/02\/porto-moniz.jpg","width":1500,"height":1000},{"@type":"BreadcrumbList","@id":"https:\/\/lokolokomadeira.com\/tour\/minibus-tour-porto-moniz\/#breadcrumb","itemListElement":[{"@type":"ListItem","position":1,"name":"Home","item":"https:\/\/lokolokomadeira.com\/pl\/"},{"@type":"ListItem","position":2,"name":"Tours","item":"https:\/\/lokolokomadeira.com\/tour\/"},{"@type":"ListItem","position":3,"name":"Wycieczka minibusem &#8211; Porto Moniz (Zachodnia cz\u0119\u015b\u0107 wyspy)"}]},{"@type":"WebSite","@id":"https:\/\/lokolokomadeira.com\/#website","url":"https:\/\/lokolokomadeira.com\/","name":"Lokoloko Madeira","description":"","publisher":{"@id":"https:\/\/lokolokomadeira.com\/#organization"},"potentialAction":[{"@type":"SearchAction","target":{"@type":"EntryPoint","urlTemplate":"https:\/\/lokolokomadeira.com\/?s={search_term_string}"},"query-input":{"@type":"PropertyValueSpecification","valueRequired":true,"valueName":"search_term_string"}}],"inLanguage":"pl-PL"},{"@type":"Organization","@id":"https:\/\/lokolokomadeira.com\/#organization","name":"Lokoloko Madeira","url":"https:\/\/lokolokomadeira.com\/","logo":{"@type":"ImageObject","inLanguage":"pl-PL","@id":"https:\/\/lokolokomadeira.com\/#\/schema\/logo\/image\/","url":"https:\/\/lokolokomadeira.com\/wp-content\/uploads\/2024\/01\/logo-lokoloko-inverted-footer.svg","contentUrl":"https:\/\/lokolokomadeira.com\/wp-content\/uploads\/2024\/01\/logo-lokoloko-inverted-footer.svg","caption":"Lokoloko Madeira"},"image":{"@id":"https:\/\/lokolokomadeira.com\/#\/schema\/logo\/image\/"}}]}},"_links":{"self":[{"href":"https:\/\/lokolokomadeira.com\/pl\/wp-json\/wp\/v2\/service\/6259","targetHints":{"allow":["GET"]}}],"collection":[{"href":"https:\/\/lokolokomadeira.com\/pl\/wp-json\/wp\/v2\/service"}],"about":[{"href":"https:\/\/lokolokomadeira.com\/pl\/wp-json\/wp\/v2\/types\/service"}],"wp:featuredmedia":[{"embeddable":true,"href":"https:\/\/lokolokomadeira.com\/pl\/wp-json\/wp\/v2\/media\/6263"}],"wp:attachment":[{"href":"https:\/\/lokolokomadeira.com\/pl\/wp-json\/wp\/v2\/media?parent=6259"}],"wp:term":[{"taxonomy":"service-category","embeddable":true,"href":"https:\/\/lokolokomadeira.com\/pl\/wp-json\/wp\/v2\/service-category?post=6259"}],"curies":[{"name":"wp","href":"https:\/\/api.w.org\/{rel}","templated":true}]}}