{"id":6943,"date":"2024-02-11T15:20:45","date_gmt":"2024-02-11T15:20:45","guid":{"rendered":"https:\/\/lokolokomadeira.com\/tour\/minibustour-porto-moniz-westtour\/"},"modified":"2025-06-05T16:01:07","modified_gmt":"2025-06-05T15:01:07","slug":"minibustour-porto-moniz-westtour","status":"publish","type":"service","link":"https:\/\/lokolokomadeira.com\/nl\/tour\/minibustour-porto-moniz-westtour\/","title":{"rendered":"Minibustour \u2013 Porto Moniz (Westtour)"},"content":{"rendered":"\n<p class=\"wp-block-paragraph\">Deze tour is een absolute aanrader voor iedere bezoeker van Madeira! In \u00e9\u00e9n dag krijg je de kans om de belangrijkste hoogtepunten van het eiland te zien. De eerste stop is C\u00e2mara de Lobos, het vissersdorp waar de beroemde &#8216;espada&#8217; of zwarte degenvis wordt gevangen. Vervolgens rijden we langs Cabo Gir\u00e3o (de hoogste zeeklif van Europa, 580 meter) en vervolgen we onze reis langs de kust naar Ribeira Brava. Vanuit Ponta de Sol beginnen we aan de klim naar het plateau van Pa\u00fal da Serra (op 1400 meter). We dalen af naar Porto Moniz, waar je de natuurlijke zwembaden kunt bewonderen. Hier maken we een stop. De terugreis gaat langs de noordkust, via Seixal en S\u00e3o Vicente. Daarna klimmen we naar Encumeada (1700 meter), waar je een uitzicht hebt op de zee aan beide kusten. Terugkeer naar Funchal.         <\/p>\n\n<p class=\"wp-block-paragraph\">Route: C\u00e2mara de Lobos, Cabo Gir\u00e3o, Ribeira Brava, Encumeada, Pa\u00fal da Serra, Porto Moniz, Seixal, S\u00e3o Vicente<\/p>\n\n<h2 class=\"wp-block-heading\"><strong>Hoogtepunten<\/strong><\/h2>\n\n<p class=\"wp-block-paragraph\">Camara de Lobos &#8211; Cabo Girao &#8211; Ribeira Brava &#8211; Encumeada &#8211; Paul da Serra &#8211; Porto Moniz &#8211; Seixal &#8211; Sao Vicente<\/p>\n\n<h2 class=\"wp-block-heading\">Schema<\/h2>\n\n<p class=\"wp-block-paragraph\">Ca. 09:00\u201317:00 uur <\/p>\n","protected":false},"excerpt":{"rendered":"<p>Deze tour is een absolute aanrader voor iedere bezoeker van Madeira! In \u00e9\u00e9n dag krijg je de kans om de belangrijkste hoogtepunten van het eiland te zien. De eerste stop is C\u00e2mara de Lobos, het vissersdorp waar de beroemde &#8216;espada&#8217; of zwarte degenvis wordt gevangen. Vervolgens rijden we langs Cabo Gir\u00e3o (de hoogste zeeklif van [&hellip;]<\/p>\n","protected":false},"featured_media":6947,"menu_order":82,"template":"","meta":{"_acf_changed":false,"site-sidebar-layout":"default","site-content-layout":"","ast-site-content-layout":"default","site-content-style":"default","site-sidebar-style":"default","ast-global-header-display":"","ast-banner-title-visibility":"","ast-main-header-display":"","ast-hfb-above-header-display":"","ast-hfb-below-header-display":"","ast-hfb-mobile-header-display":"","site-post-title":"","ast-breadcrumbs-content":"","ast-featured-img":"","footer-sml-layout":"","ast-disable-related-posts":"","theme-transparent-header-meta":"","adv-header-id-meta":"","stick-header-meta":"","header-above-stick-meta":"","header-main-stick-meta":"","header-below-stick-meta":"","astra-migrate-meta-layouts":"default","ast-page-background-enabled":"default","ast-page-background-meta":{"desktop":{"background-color":"var(--ast-global-color-4)","background-image":"","background-repeat":"repeat","background-position":"center center","background-size":"auto","background-attachment":"scroll","background-type":"","background-media":"","overlay-type":"","overlay-color":"","overlay-opacity":"","overlay-gradient":""},"tablet":{"background-color":"","background-image":"","background-repeat":"repeat","background-position":"center center","background-size":"auto","background-attachment":"scroll","background-type":"","background-media":"","overlay-type":"","overlay-color":"","overlay-opacity":"","overlay-gradient":""},"mobile":{"background-color":"","background-image":"","background-repeat":"repeat","background-position":"center center","background-size":"auto","background-attachment":"scroll","background-type":"","background-media":"","overlay-type":"","overlay-color":"","overlay-opacity":"","overlay-gradient":""}},"ast-content-background-meta":{"desktop":{"background-color":"var(--ast-global-color-5)","background-image":"","background-repeat":"repeat","background-position":"center center","background-size":"auto","background-attachment":"scroll","background-type":"","background-media":"","overlay-type":"","overlay-color":"","overlay-opacity":"","overlay-gradient":""},"tablet":{"background-color":"var(--ast-global-color-5)","background-image":"","background-repeat":"repeat","background-position":"center center","background-size":"auto","background-attachment":"scroll","background-type":"","background-media":"","overlay-type":"","overlay-color":"","overlay-opacity":"","overlay-gradient":""},"mobile":{"background-color":"var(--ast-global-color-5)","background-image":"","background-repeat":"repeat","background-position":"center center","background-size":"auto","background-attachment":"scroll","background-type":"","background-media":"","overlay-type":"","overlay-color":"","overlay-opacity":"","overlay-gradient":""}}},"service-category":[81,89,91],"class_list":["post-6943","service","type-service","status-publish","has-post-thumbnail","hentry","service-category-landactiviteiten","service-category-minibustochten","service-category-volledige-dag-nl"],"acf":[],"yoast_head":"<!-- This site is optimized with the Yoast SEO plugin v28.3 - https:\/\/yoast.com\/product\/yoast-seo-wordpress\/ -->\n<title>Minibustour \u2013 Porto Moniz (Westtour) - Lokoloko Madeira<\/title>\n<meta name=\"robots\" content=\"index, follow, max-snippet:-1, max-image-preview:large, max-video-preview:-1\" \/>\n<link rel=\"canonical\" href=\"https:\/\/lokolokomadeira.com\/tour\/minibus-tour-porto-moniz\/\" \/>\n<meta property=\"og:locale\" content=\"nl_NL\" \/>\n<meta property=\"og:type\" content=\"article\" \/>\n<meta property=\"og:title\" content=\"Minibustour \u2013 Porto Moniz (Westtour) - Lokoloko Madeira\" \/>\n<meta property=\"og:description\" content=\"Deze tour is een absolute aanrader voor iedere bezoeker van Madeira! In \u00e9\u00e9n dag krijg je de kans om de belangrijkste hoogtepunten van het eiland te zien. De eerste stop is C\u00e2mara de Lobos, het vissersdorp waar de beroemde &#8216;espada&#8217; of zwarte degenvis wordt gevangen. Vervolgens rijden we langs Cabo Gir\u00e3o (de hoogste zeeklif van [&hellip;]\" \/>\n<meta property=\"og:url\" content=\"https:\/\/lokolokomadeira.com\/tour\/minibus-tour-porto-moniz\/\" \/>\n<meta property=\"og:site_name\" content=\"Lokoloko Madeira\" \/>\n<meta property=\"article:modified_time\" content=\"2025-06-05T15:01:07+00:00\" \/>\n<meta property=\"og:image\" content=\"https:\/\/lokolokomadeira.com\/wp-content\/uploads\/2024\/02\/porto-moniz.jpg\" \/>\n\t<meta property=\"og:image:width\" content=\"1500\" \/>\n\t<meta property=\"og:image:height\" content=\"1000\" \/>\n\t<meta property=\"og:image:type\" content=\"image\/jpeg\" \/>\n<meta name=\"twitter:card\" content=\"summary_large_image\" \/>\n<meta name=\"twitter:label1\" content=\"Geschatte leestijd\" \/>\n\t<meta name=\"twitter:data1\" content=\"1 minuut\" \/>\n<script type=\"application\/ld+json\" class=\"yoast-schema-graph\">{\"@context\":\"https:\\\/\\\/schema.org\",\"@graph\":[{\"@type\":\"WebPage\",\"@id\":\"https:\\\/\\\/lokolokomadeira.com\\\/tour\\\/minibus-tour-porto-moniz\\\/\",\"url\":\"https:\\\/\\\/lokolokomadeira.com\\\/tour\\\/minibus-tour-porto-moniz\\\/\",\"name\":\"Minibustour \u2013 Porto Moniz (Westtour) - Lokoloko Madeira\",\"isPartOf\":{\"@id\":\"https:\\\/\\\/lokolokomadeira.com\\\/#website\"},\"primaryImageOfPage\":{\"@id\":\"https:\\\/\\\/lokolokomadeira.com\\\/tour\\\/minibus-tour-porto-moniz\\\/#primaryimage\"},\"image\":{\"@id\":\"https:\\\/\\\/lokolokomadeira.com\\\/tour\\\/minibus-tour-porto-moniz\\\/#primaryimage\"},\"thumbnailUrl\":\"https:\\\/\\\/lokolokomadeira.com\\\/wp-content\\\/uploads\\\/2024\\\/02\\\/porto-moniz.jpg\",\"datePublished\":\"2024-02-11T15:20:45+00:00\",\"dateModified\":\"2025-06-05T15:01:07+00:00\",\"breadcrumb\":{\"@id\":\"https:\\\/\\\/lokolokomadeira.com\\\/tour\\\/minibus-tour-porto-moniz\\\/#breadcrumb\"},\"inLanguage\":\"nl-NL\",\"potentialAction\":[{\"@type\":\"ReadAction\",\"target\":[\"https:\\\/\\\/lokolokomadeira.com\\\/tour\\\/minibus-tour-porto-moniz\\\/\"]}]},{\"@type\":\"ImageObject\",\"inLanguage\":\"nl-NL\",\"@id\":\"https:\\\/\\\/lokolokomadeira.com\\\/tour\\\/minibus-tour-porto-moniz\\\/#primaryimage\",\"url\":\"https:\\\/\\\/lokolokomadeira.com\\\/wp-content\\\/uploads\\\/2024\\\/02\\\/porto-moniz.jpg\",\"contentUrl\":\"https:\\\/\\\/lokolokomadeira.com\\\/wp-content\\\/uploads\\\/2024\\\/02\\\/porto-moniz.jpg\",\"width\":1500,\"height\":1000},{\"@type\":\"BreadcrumbList\",\"@id\":\"https:\\\/\\\/lokolokomadeira.com\\\/tour\\\/minibus-tour-porto-moniz\\\/#breadcrumb\",\"itemListElement\":[{\"@type\":\"ListItem\",\"position\":1,\"name\":\"Home\",\"item\":\"https:\\\/\\\/lokolokomadeira.com\\\/nl\\\/\"},{\"@type\":\"ListItem\",\"position\":2,\"name\":\"Tours\",\"item\":\"https:\\\/\\\/lokolokomadeira.com\\\/tour\\\/\"},{\"@type\":\"ListItem\",\"position\":3,\"name\":\"Minibustour \u2013 Porto Moniz (Westtour)\"}]},{\"@type\":\"WebSite\",\"@id\":\"https:\\\/\\\/lokolokomadeira.com\\\/#website\",\"url\":\"https:\\\/\\\/lokolokomadeira.com\\\/\",\"name\":\"Lokoloko Madeira\",\"description\":\"\",\"publisher\":{\"@id\":\"https:\\\/\\\/lokolokomadeira.com\\\/#organization\"},\"potentialAction\":[{\"@type\":\"SearchAction\",\"target\":{\"@type\":\"EntryPoint\",\"urlTemplate\":\"https:\\\/\\\/lokolokomadeira.com\\\/?s={search_term_string}\"},\"query-input\":{\"@type\":\"PropertyValueSpecification\",\"valueRequired\":true,\"valueName\":\"search_term_string\"}}],\"inLanguage\":\"nl-NL\"},{\"@type\":\"Organization\",\"@id\":\"https:\\\/\\\/lokolokomadeira.com\\\/#organization\",\"name\":\"Lokoloko Madeira\",\"url\":\"https:\\\/\\\/lokolokomadeira.com\\\/\",\"logo\":{\"@type\":\"ImageObject\",\"inLanguage\":\"nl-NL\",\"@id\":\"https:\\\/\\\/lokolokomadeira.com\\\/#\\\/schema\\\/logo\\\/image\\\/\",\"url\":\"https:\\\/\\\/lokolokomadeira.com\\\/wp-content\\\/uploads\\\/2024\\\/01\\\/logo-lokoloko-inverted-footer.svg\",\"contentUrl\":\"https:\\\/\\\/lokolokomadeira.com\\\/wp-content\\\/uploads\\\/2024\\\/01\\\/logo-lokoloko-inverted-footer.svg\",\"caption\":\"Lokoloko Madeira\"},\"image\":{\"@id\":\"https:\\\/\\\/lokolokomadeira.com\\\/#\\\/schema\\\/logo\\\/image\\\/\"}}]}<\/script>\n<!-- \/ Yoast SEO plugin. -->","yoast_head_json":{"title":"Minibustour \u2013 Porto Moniz (Westtour) - Lokoloko Madeira","robots":{"index":"index","follow":"follow","max-snippet":"max-snippet:-1","max-image-preview":"max-image-preview:large","max-video-preview":"max-video-preview:-1"},"canonical":"https:\/\/lokolokomadeira.com\/tour\/minibus-tour-porto-moniz\/","og_locale":"nl_NL","og_type":"article","og_title":"Minibustour \u2013 Porto Moniz (Westtour) - Lokoloko Madeira","og_description":"Deze tour is een absolute aanrader voor iedere bezoeker van Madeira! In \u00e9\u00e9n dag krijg je de kans om de belangrijkste hoogtepunten van het eiland te zien. De eerste stop is C\u00e2mara de Lobos, het vissersdorp waar de beroemde &#8216;espada&#8217; of zwarte degenvis wordt gevangen. Vervolgens rijden we langs Cabo Gir\u00e3o (de hoogste zeeklif van [&hellip;]","og_url":"https:\/\/lokolokomadeira.com\/tour\/minibus-tour-porto-moniz\/","og_site_name":"Lokoloko Madeira","article_modified_time":"2025-06-05T15:01:07+00:00","og_image":[{"width":1500,"height":1000,"url":"https:\/\/lokolokomadeira.com\/wp-content\/uploads\/2024\/02\/porto-moniz.jpg","type":"image\/jpeg"}],"twitter_card":"summary_large_image","twitter_misc":{"Geschatte leestijd":"1 minuut"},"schema":{"@context":"https:\/\/schema.org","@graph":[{"@type":"WebPage","@id":"https:\/\/lokolokomadeira.com\/tour\/minibus-tour-porto-moniz\/","url":"https:\/\/lokolokomadeira.com\/tour\/minibus-tour-porto-moniz\/","name":"Minibustour \u2013 Porto Moniz (Westtour) - Lokoloko Madeira","isPartOf":{"@id":"https:\/\/lokolokomadeira.com\/#website"},"primaryImageOfPage":{"@id":"https:\/\/lokolokomadeira.com\/tour\/minibus-tour-porto-moniz\/#primaryimage"},"image":{"@id":"https:\/\/lokolokomadeira.com\/tour\/minibus-tour-porto-moniz\/#primaryimage"},"thumbnailUrl":"https:\/\/lokolokomadeira.com\/wp-content\/uploads\/2024\/02\/porto-moniz.jpg","datePublished":"2024-02-11T15:20:45+00:00","dateModified":"2025-06-05T15:01:07+00:00","breadcrumb":{"@id":"https:\/\/lokolokomadeira.com\/tour\/minibus-tour-porto-moniz\/#breadcrumb"},"inLanguage":"nl-NL","potentialAction":[{"@type":"ReadAction","target":["https:\/\/lokolokomadeira.com\/tour\/minibus-tour-porto-moniz\/"]}]},{"@type":"ImageObject","inLanguage":"nl-NL","@id":"https:\/\/lokolokomadeira.com\/tour\/minibus-tour-porto-moniz\/#primaryimage","url":"https:\/\/lokolokomadeira.com\/wp-content\/uploads\/2024\/02\/porto-moniz.jpg","contentUrl":"https:\/\/lokolokomadeira.com\/wp-content\/uploads\/2024\/02\/porto-moniz.jpg","width":1500,"height":1000},{"@type":"BreadcrumbList","@id":"https:\/\/lokolokomadeira.com\/tour\/minibus-tour-porto-moniz\/#breadcrumb","itemListElement":[{"@type":"ListItem","position":1,"name":"Home","item":"https:\/\/lokolokomadeira.com\/nl\/"},{"@type":"ListItem","position":2,"name":"Tours","item":"https:\/\/lokolokomadeira.com\/tour\/"},{"@type":"ListItem","position":3,"name":"Minibustour \u2013 Porto Moniz (Westtour)"}]},{"@type":"WebSite","@id":"https:\/\/lokolokomadeira.com\/#website","url":"https:\/\/lokolokomadeira.com\/","name":"Lokoloko Madeira","description":"","publisher":{"@id":"https:\/\/lokolokomadeira.com\/#organization"},"potentialAction":[{"@type":"SearchAction","target":{"@type":"EntryPoint","urlTemplate":"https:\/\/lokolokomadeira.com\/?s={search_term_string}"},"query-input":{"@type":"PropertyValueSpecification","valueRequired":true,"valueName":"search_term_string"}}],"inLanguage":"nl-NL"},{"@type":"Organization","@id":"https:\/\/lokolokomadeira.com\/#organization","name":"Lokoloko Madeira","url":"https:\/\/lokolokomadeira.com\/","logo":{"@type":"ImageObject","inLanguage":"nl-NL","@id":"https:\/\/lokolokomadeira.com\/#\/schema\/logo\/image\/","url":"https:\/\/lokolokomadeira.com\/wp-content\/uploads\/2024\/01\/logo-lokoloko-inverted-footer.svg","contentUrl":"https:\/\/lokolokomadeira.com\/wp-content\/uploads\/2024\/01\/logo-lokoloko-inverted-footer.svg","caption":"Lokoloko Madeira"},"image":{"@id":"https:\/\/lokolokomadeira.com\/#\/schema\/logo\/image\/"}}]}},"_links":{"self":[{"href":"https:\/\/lokolokomadeira.com\/nl\/wp-json\/wp\/v2\/service\/6943","targetHints":{"allow":["GET"]}}],"collection":[{"href":"https:\/\/lokolokomadeira.com\/nl\/wp-json\/wp\/v2\/service"}],"about":[{"href":"https:\/\/lokolokomadeira.com\/nl\/wp-json\/wp\/v2\/types\/service"}],"wp:featuredmedia":[{"embeddable":true,"href":"https:\/\/lokolokomadeira.com\/nl\/wp-json\/wp\/v2\/media\/6947"}],"wp:attachment":[{"href":"https:\/\/lokolokomadeira.com\/nl\/wp-json\/wp\/v2\/media?parent=6943"}],"wp:term":[{"taxonomy":"service-category","embeddable":true,"href":"https:\/\/lokolokomadeira.com\/nl\/wp-json\/wp\/v2\/service-category?post=6943"}],"curies":[{"name":"wp","href":"https:\/\/api.w.org\/{rel}","templated":true}]}}