{"id":3347,"date":"2024-02-10T11:28:22","date_gmt":"2024-02-10T11:28:22","guid":{"rendered":"https:\/\/lokolokomadeira.com\/tour\/levada-do-alecrim-ganztagestour\/"},"modified":"2026-04-15T17:49:42","modified_gmt":"2026-04-15T16:49:42","slug":"levada-do-alecrim-ganztagestour","status":"publish","type":"service","link":"https:\/\/lokolokomadeira.com\/de\/tour\/levada-do-alecrim-ganztagestour\/","title":{"rendered":"Levada do Alecrim &#8211; Ganztagestour"},"content":{"rendered":"\n<p class=\"wp-block-paragraph\">Gr\u00fcn, gr\u00fcner, am gr\u00fcnsten! Willkommen im Herzen Madeiras &#8211; dieses Gebiet geh\u00f6rt ebenfalls zum UNESCO-Weltkulturerbe. W\u00e4hrend der Wanderung wandern Sie durch wunderbare Tunnel aus Heidekrautstr\u00e4uchern und Lorbeerwald, immer begleitet von einem leisen Pl\u00e4tschern, denn die Levada do Alecrim begleitet Sie. Ein Spiel aus Schatten und Sonne bildet die B\u00fchne f\u00fcr ein unvergessliches Erlebnis, und als Kr\u00f6nung erwarten uns Wasserf\u00e4lle unterschiedlicher Gr\u00f6\u00dfe. F\u00fcr mutige Bergwasserschwimmer (brrr), bringen Sie Ihren Badeanzug mit!<\/p>\n\n<h2 class=\"wp-block-heading\">Details zur Tour<\/h2>\n\n<ul class=\"wp-block-list\">\n<li><strong>Standort der Tour:<\/strong> Nordwestlich von Madeira<\/li>\n\n\n\n<li><strong>Besonderes Merkmal:<\/strong> Lorbeerwald, Baumheide und Heidelbeerb\u00e4ume<\/li>\n<\/ul>\n\n\n<p class=\"wp-block-paragraph\">Mehr Informationen: <a href=\"https:\/\/lokolokomadeira.com\/de\/2026\/04\/15\/levada-wanderungen-madeira-guide\/\">vollst\u00e4ndigen Levada-Wanderf\u00fchrer f\u00fcr Madeira<\/a>.<\/p>\n","protected":false},"excerpt":{"rendered":"<p>Gr\u00fcn, gr\u00fcner, am gr\u00fcnsten! Willkommen im Herzen Madeiras &#8211; dieses Gebiet geh\u00f6rt ebenfalls zum UNESCO-Weltkulturerbe. W\u00e4hrend der Wanderung wandern Sie durch wunderbare Tunnel aus Heidekrautstr\u00e4uchern und Lorbeerwald, immer begleitet von einem leisen Pl\u00e4tschern, denn die Levada do Alecrim begleitet Sie. Ein Spiel aus Schatten und Sonne bildet die B\u00fchne f\u00fcr ein unvergessliches Erlebnis, und als [&hellip;]<\/p>\n","protected":false},"featured_media":2819,"menu_order":270,"template":"","meta":{"_acf_changed":false,"site-sidebar-layout":"default","site-content-layout":"","ast-site-content-layout":"default","site-content-style":"default","site-sidebar-style":"default","ast-global-header-display":"","ast-banner-title-visibility":"","ast-main-header-display":"","ast-hfb-above-header-display":"","ast-hfb-below-header-display":"","ast-hfb-mobile-header-display":"","site-post-title":"","ast-breadcrumbs-content":"","ast-featured-img":"","footer-sml-layout":"","ast-disable-related-posts":"","theme-transparent-header-meta":"","adv-header-id-meta":"","stick-header-meta":"","header-above-stick-meta":"","header-main-stick-meta":"","header-below-stick-meta":"","astra-migrate-meta-layouts":"default","ast-page-background-enabled":"default","ast-page-background-meta":{"desktop":{"background-color":"var(--ast-global-color-4)","background-image":"","background-repeat":"repeat","background-position":"center center","background-size":"auto","background-attachment":"scroll","background-type":"","background-media":"","overlay-type":"","overlay-color":"","overlay-opacity":"","overlay-gradient":""},"tablet":{"background-color":"","background-image":"","background-repeat":"repeat","background-position":"center center","background-size":"auto","background-attachment":"scroll","background-type":"","background-media":"","overlay-type":"","overlay-color":"","overlay-opacity":"","overlay-gradient":""},"mobile":{"background-color":"","background-image":"","background-repeat":"repeat","background-position":"center center","background-size":"auto","background-attachment":"scroll","background-type":"","background-media":"","overlay-type":"","overlay-color":"","overlay-opacity":"","overlay-gradient":""}},"ast-content-background-meta":{"desktop":{"background-color":"var(--ast-global-color-5)","background-image":"","background-repeat":"repeat","background-position":"center center","background-size":"auto","background-attachment":"scroll","background-type":"","background-media":"","overlay-type":"","overlay-color":"","overlay-opacity":"","overlay-gradient":""},"tablet":{"background-color":"var(--ast-global-color-5)","background-image":"","background-repeat":"repeat","background-position":"center center","background-size":"auto","background-attachment":"scroll","background-type":"","background-media":"","overlay-type":"","overlay-color":"","overlay-opacity":"","overlay-gradient":""},"mobile":{"background-color":"var(--ast-global-color-5)","background-image":"","background-repeat":"repeat","background-position":"center center","background-size":"auto","background-attachment":"scroll","background-type":"","background-media":"","overlay-type":"","overlay-color":"","overlay-opacity":"","overlay-gradient":""}}},"service-category":[49,48],"class_list":["post-3347","service","type-service","status-publish","has-post-thumbnail","hentry","service-category-ganztagestouren","service-category-madeira-wandern"],"acf":[],"yoast_head":"<!-- This site is optimized with the Yoast SEO plugin v28.3 - https:\/\/yoast.com\/product\/yoast-seo-wordpress\/ -->\n<title>Levada do Alecrim - Ganztagestour - Lokoloko Madeira<\/title>\n<meta name=\"robots\" content=\"index, follow, max-snippet:-1, max-image-preview:large, max-video-preview:-1\" \/>\n<link rel=\"canonical\" href=\"https:\/\/lokolokomadeira.com\/de\/tour\/levada-do-alecrim-ganztagestour\/\" \/>\n<meta property=\"og:locale\" content=\"de_DE\" \/>\n<meta property=\"og:type\" content=\"article\" \/>\n<meta property=\"og:title\" content=\"Levada do Alecrim - Ganztagestour - Lokoloko Madeira\" \/>\n<meta property=\"og:description\" content=\"Gr\u00fcn, gr\u00fcner, am gr\u00fcnsten! Willkommen im Herzen Madeiras &#8211; dieses Gebiet geh\u00f6rt ebenfalls zum UNESCO-Weltkulturerbe. W\u00e4hrend der Wanderung wandern Sie durch wunderbare Tunnel aus Heidekrautstr\u00e4uchern und Lorbeerwald, immer begleitet von einem leisen Pl\u00e4tschern, denn die Levada do Alecrim begleitet Sie. Ein Spiel aus Schatten und Sonne bildet die B\u00fchne f\u00fcr ein unvergessliches Erlebnis, und als [&hellip;]\" \/>\n<meta property=\"og:url\" content=\"https:\/\/lokolokomadeira.com\/de\/tour\/levada-do-alecrim-ganztagestour\/\" \/>\n<meta property=\"og:site_name\" content=\"Lokoloko Madeira\" \/>\n<meta property=\"article:modified_time\" content=\"2026-04-15T16:49:42+00:00\" \/>\n<meta property=\"og:image\" content=\"https:\/\/lokolokomadeira.com\/wp-content\/uploads\/2024\/02\/lokoloko-walks-and-experiences-levada-do-alecrim-5.jpg\" \/>\n\t<meta property=\"og:image:width\" content=\"1000\" \/>\n\t<meta property=\"og:image:height\" content=\"424\" \/>\n\t<meta property=\"og:image:type\" content=\"image\/jpeg\" \/>\n<meta name=\"twitter:card\" content=\"summary_large_image\" \/>\n<meta name=\"twitter:label1\" content=\"Gesch\u00e4tzte Lesezeit\" \/>\n\t<meta name=\"twitter:data1\" content=\"1\u00a0Minute\" \/>\n<script type=\"application\/ld+json\" class=\"yoast-schema-graph\">{\"@context\":\"https:\\\/\\\/schema.org\",\"@graph\":[{\"@type\":\"WebPage\",\"@id\":\"https:\\\/\\\/lokolokomadeira.com\\\/de\\\/tour\\\/levada-do-alecrim-ganztagestour\\\/\",\"url\":\"https:\\\/\\\/lokolokomadeira.com\\\/de\\\/tour\\\/levada-do-alecrim-ganztagestour\\\/\",\"name\":\"Levada do Alecrim - Ganztagestour - Lokoloko Madeira\",\"isPartOf\":{\"@id\":\"https:\\\/\\\/lokolokomadeira.com\\\/#website\"},\"primaryImageOfPage\":{\"@id\":\"https:\\\/\\\/lokolokomadeira.com\\\/de\\\/tour\\\/levada-do-alecrim-ganztagestour\\\/#primaryimage\"},\"image\":{\"@id\":\"https:\\\/\\\/lokolokomadeira.com\\\/de\\\/tour\\\/levada-do-alecrim-ganztagestour\\\/#primaryimage\"},\"thumbnailUrl\":\"https:\\\/\\\/lokolokomadeira.com\\\/wp-content\\\/uploads\\\/2024\\\/02\\\/lokoloko-walks-and-experiences-levada-do-alecrim-5.jpg\",\"datePublished\":\"2024-02-10T11:28:22+00:00\",\"dateModified\":\"2026-04-15T16:49:42+00:00\",\"breadcrumb\":{\"@id\":\"https:\\\/\\\/lokolokomadeira.com\\\/de\\\/tour\\\/levada-do-alecrim-ganztagestour\\\/#breadcrumb\"},\"inLanguage\":\"de\",\"potentialAction\":[{\"@type\":\"ReadAction\",\"target\":[\"https:\\\/\\\/lokolokomadeira.com\\\/de\\\/tour\\\/levada-do-alecrim-ganztagestour\\\/\"]}]},{\"@type\":\"ImageObject\",\"inLanguage\":\"de\",\"@id\":\"https:\\\/\\\/lokolokomadeira.com\\\/de\\\/tour\\\/levada-do-alecrim-ganztagestour\\\/#primaryimage\",\"url\":\"https:\\\/\\\/lokolokomadeira.com\\\/wp-content\\\/uploads\\\/2024\\\/02\\\/lokoloko-walks-and-experiences-levada-do-alecrim-5.jpg\",\"contentUrl\":\"https:\\\/\\\/lokolokomadeira.com\\\/wp-content\\\/uploads\\\/2024\\\/02\\\/lokoloko-walks-and-experiences-levada-do-alecrim-5.jpg\",\"width\":1000,\"height\":424,\"caption\":\"Lokoloko walks and experiences levada do alecrim 5 \u2013 Lokoloko Madeira\"},{\"@type\":\"BreadcrumbList\",\"@id\":\"https:\\\/\\\/lokolokomadeira.com\\\/de\\\/tour\\\/levada-do-alecrim-ganztagestour\\\/#breadcrumb\",\"itemListElement\":[{\"@type\":\"ListItem\",\"position\":1,\"name\":\"Home\",\"item\":\"https:\\\/\\\/lokolokomadeira.com\\\/de\\\/\"},{\"@type\":\"ListItem\",\"position\":2,\"name\":\"Tours\",\"item\":\"https:\\\/\\\/lokolokomadeira.com\\\/tour\\\/\"},{\"@type\":\"ListItem\",\"position\":3,\"name\":\"Levada do Alecrim &#8211; Ganztagestour\"}]},{\"@type\":\"WebSite\",\"@id\":\"https:\\\/\\\/lokolokomadeira.com\\\/#website\",\"url\":\"https:\\\/\\\/lokolokomadeira.com\\\/\",\"name\":\"Lokoloko Madeira\",\"description\":\"\",\"publisher\":{\"@id\":\"https:\\\/\\\/lokolokomadeira.com\\\/#organization\"},\"potentialAction\":[{\"@type\":\"SearchAction\",\"target\":{\"@type\":\"EntryPoint\",\"urlTemplate\":\"https:\\\/\\\/lokolokomadeira.com\\\/?s={search_term_string}\"},\"query-input\":{\"@type\":\"PropertyValueSpecification\",\"valueRequired\":true,\"valueName\":\"search_term_string\"}}],\"inLanguage\":\"de\"},{\"@type\":\"Organization\",\"@id\":\"https:\\\/\\\/lokolokomadeira.com\\\/#organization\",\"name\":\"Lokoloko Madeira\",\"url\":\"https:\\\/\\\/lokolokomadeira.com\\\/\",\"logo\":{\"@type\":\"ImageObject\",\"inLanguage\":\"de\",\"@id\":\"https:\\\/\\\/lokolokomadeira.com\\\/#\\\/schema\\\/logo\\\/image\\\/\",\"url\":\"https:\\\/\\\/lokolokomadeira.com\\\/wp-content\\\/uploads\\\/2024\\\/01\\\/logo-lokoloko-inverted-footer.svg\",\"contentUrl\":\"https:\\\/\\\/lokolokomadeira.com\\\/wp-content\\\/uploads\\\/2024\\\/01\\\/logo-lokoloko-inverted-footer.svg\",\"caption\":\"Lokoloko Madeira\"},\"image\":{\"@id\":\"https:\\\/\\\/lokolokomadeira.com\\\/#\\\/schema\\\/logo\\\/image\\\/\"}}]}<\/script>\n<!-- \/ Yoast SEO plugin. -->","yoast_head_json":{"title":"Levada do Alecrim - Ganztagestour - Lokoloko Madeira","robots":{"index":"index","follow":"follow","max-snippet":"max-snippet:-1","max-image-preview":"max-image-preview:large","max-video-preview":"max-video-preview:-1"},"canonical":"https:\/\/lokolokomadeira.com\/de\/tour\/levada-do-alecrim-ganztagestour\/","og_locale":"de_DE","og_type":"article","og_title":"Levada do Alecrim - Ganztagestour - Lokoloko Madeira","og_description":"Gr\u00fcn, gr\u00fcner, am gr\u00fcnsten! Willkommen im Herzen Madeiras &#8211; dieses Gebiet geh\u00f6rt ebenfalls zum UNESCO-Weltkulturerbe. W\u00e4hrend der Wanderung wandern Sie durch wunderbare Tunnel aus Heidekrautstr\u00e4uchern und Lorbeerwald, immer begleitet von einem leisen Pl\u00e4tschern, denn die Levada do Alecrim begleitet Sie. Ein Spiel aus Schatten und Sonne bildet die B\u00fchne f\u00fcr ein unvergessliches Erlebnis, und als [&hellip;]","og_url":"https:\/\/lokolokomadeira.com\/de\/tour\/levada-do-alecrim-ganztagestour\/","og_site_name":"Lokoloko Madeira","article_modified_time":"2026-04-15T16:49:42+00:00","og_image":[{"width":1000,"height":424,"url":"https:\/\/lokolokomadeira.com\/wp-content\/uploads\/2024\/02\/lokoloko-walks-and-experiences-levada-do-alecrim-5.jpg","type":"image\/jpeg"}],"twitter_card":"summary_large_image","twitter_misc":{"Gesch\u00e4tzte Lesezeit":"1\u00a0Minute"},"schema":{"@context":"https:\/\/schema.org","@graph":[{"@type":"WebPage","@id":"https:\/\/lokolokomadeira.com\/de\/tour\/levada-do-alecrim-ganztagestour\/","url":"https:\/\/lokolokomadeira.com\/de\/tour\/levada-do-alecrim-ganztagestour\/","name":"Levada do Alecrim - Ganztagestour - Lokoloko Madeira","isPartOf":{"@id":"https:\/\/lokolokomadeira.com\/#website"},"primaryImageOfPage":{"@id":"https:\/\/lokolokomadeira.com\/de\/tour\/levada-do-alecrim-ganztagestour\/#primaryimage"},"image":{"@id":"https:\/\/lokolokomadeira.com\/de\/tour\/levada-do-alecrim-ganztagestour\/#primaryimage"},"thumbnailUrl":"https:\/\/lokolokomadeira.com\/wp-content\/uploads\/2024\/02\/lokoloko-walks-and-experiences-levada-do-alecrim-5.jpg","datePublished":"2024-02-10T11:28:22+00:00","dateModified":"2026-04-15T16:49:42+00:00","breadcrumb":{"@id":"https:\/\/lokolokomadeira.com\/de\/tour\/levada-do-alecrim-ganztagestour\/#breadcrumb"},"inLanguage":"de","potentialAction":[{"@type":"ReadAction","target":["https:\/\/lokolokomadeira.com\/de\/tour\/levada-do-alecrim-ganztagestour\/"]}]},{"@type":"ImageObject","inLanguage":"de","@id":"https:\/\/lokolokomadeira.com\/de\/tour\/levada-do-alecrim-ganztagestour\/#primaryimage","url":"https:\/\/lokolokomadeira.com\/wp-content\/uploads\/2024\/02\/lokoloko-walks-and-experiences-levada-do-alecrim-5.jpg","contentUrl":"https:\/\/lokolokomadeira.com\/wp-content\/uploads\/2024\/02\/lokoloko-walks-and-experiences-levada-do-alecrim-5.jpg","width":1000,"height":424,"caption":"Lokoloko walks and experiences levada do alecrim 5 \u2013 Lokoloko Madeira"},{"@type":"BreadcrumbList","@id":"https:\/\/lokolokomadeira.com\/de\/tour\/levada-do-alecrim-ganztagestour\/#breadcrumb","itemListElement":[{"@type":"ListItem","position":1,"name":"Home","item":"https:\/\/lokolokomadeira.com\/de\/"},{"@type":"ListItem","position":2,"name":"Tours","item":"https:\/\/lokolokomadeira.com\/tour\/"},{"@type":"ListItem","position":3,"name":"Levada do Alecrim &#8211; Ganztagestour"}]},{"@type":"WebSite","@id":"https:\/\/lokolokomadeira.com\/#website","url":"https:\/\/lokolokomadeira.com\/","name":"Lokoloko Madeira","description":"","publisher":{"@id":"https:\/\/lokolokomadeira.com\/#organization"},"potentialAction":[{"@type":"SearchAction","target":{"@type":"EntryPoint","urlTemplate":"https:\/\/lokolokomadeira.com\/?s={search_term_string}"},"query-input":{"@type":"PropertyValueSpecification","valueRequired":true,"valueName":"search_term_string"}}],"inLanguage":"de"},{"@type":"Organization","@id":"https:\/\/lokolokomadeira.com\/#organization","name":"Lokoloko Madeira","url":"https:\/\/lokolokomadeira.com\/","logo":{"@type":"ImageObject","inLanguage":"de","@id":"https:\/\/lokolokomadeira.com\/#\/schema\/logo\/image\/","url":"https:\/\/lokolokomadeira.com\/wp-content\/uploads\/2024\/01\/logo-lokoloko-inverted-footer.svg","contentUrl":"https:\/\/lokolokomadeira.com\/wp-content\/uploads\/2024\/01\/logo-lokoloko-inverted-footer.svg","caption":"Lokoloko Madeira"},"image":{"@id":"https:\/\/lokolokomadeira.com\/#\/schema\/logo\/image\/"}}]}},"_links":{"self":[{"href":"https:\/\/lokolokomadeira.com\/de\/wp-json\/wp\/v2\/service\/3347","targetHints":{"allow":["GET"]}}],"collection":[{"href":"https:\/\/lokolokomadeira.com\/de\/wp-json\/wp\/v2\/service"}],"about":[{"href":"https:\/\/lokolokomadeira.com\/de\/wp-json\/wp\/v2\/types\/service"}],"wp:featuredmedia":[{"embeddable":true,"href":"https:\/\/lokolokomadeira.com\/de\/wp-json\/wp\/v2\/media\/2819"}],"wp:attachment":[{"href":"https:\/\/lokolokomadeira.com\/de\/wp-json\/wp\/v2\/media?parent=3347"}],"wp:term":[{"taxonomy":"service-category","embeddable":true,"href":"https:\/\/lokolokomadeira.com\/de\/wp-json\/wp\/v2\/service-category?post=3347"}],"curies":[{"name":"wp","href":"https:\/\/api.w.org\/{rel}","templated":true}]}}