{"id":3346,"date":"2024-02-10T11:25:48","date_gmt":"2024-02-10T11:25:48","guid":{"rendered":"https:\/\/lokolokomadeira.com\/tour\/standort-zentrum-der-insel-besonderes-merkmal-hoechster-gipfel\/"},"modified":"2026-04-15T19:14:09","modified_gmt":"2026-04-15T18:14:09","slug":"standort-zentrum-der-insel-besonderes-merkmal-hoechster-gipfel","status":"publish","type":"service","link":"https:\/\/lokolokomadeira.com\/de\/tour\/standort-zentrum-der-insel-besonderes-merkmal-hoechster-gipfel\/","title":{"rendered":"Standort: Zentrum der Insel Besonderes Merkmal: H\u00f6chster Gipfel"},"content":{"rendered":"\n<p class=\"wp-block-paragraph\">Dies ist Madeiras gr\u00f6\u00dfte Bergwanderung \u2013 eine Hochgebirgs-Gratwanderung, die den dritt- und h\u00f6chsten Gipfel der Insel verbindet. Vom Pico do Arieiro (1.818 m) geht es \u00fcber eine dramatische Abfolge von Gipfeln, Tunneln und exponierten Graten bis zum Pico Ruivo (1.862 m), dem h\u00f6chsten Punkt Madeiras. An klaren Tagen erstreckt sich der Blick \u00fcber die gesamte Insel und weit hinaus in den Atlantik. Die Wanderung liegt oberhalb der Baumgrenze in einer fast alpinen Landschaft aus nacktem Vulkangestein und Zwergvegetation.<\/p>\n\n\n\n<ul class=\"wp-block-list\">\n\n<li><strong>Start:<\/strong> Pico do Arieiro \u2013 1.818 m<\/li>\n\n\n<li><strong>Ziel:<\/strong> Pico Ruivo \u2013 1.862 m<\/li>\n\n\n<li><strong>Distanz:<\/strong> ca. 8 km einfach<\/li>\n\n\n<li><strong>Schwierigkeit:<\/strong> Mittel bis anspruchsvoll<\/li>\n\n<\/ul>\n\n\n\n<p class=\"wp-block-paragraph\">Mehr Infos: <a href=\"https:\/\/lokolokomadeira.com\/de\/2026\/04\/15\/levada-wanderungen-madeira-guide\/\">Levada-Wanderungen auf Madeira<\/a>.<\/p>\n","protected":false},"excerpt":{"rendered":"<p>Dies ist Madeiras gr\u00f6\u00dfte Bergwanderung \u2013 eine Hochgebirgs-Gratwanderung, die den dritt- und h\u00f6chsten Gipfel der Insel verbindet. Vom Pico do Arieiro (1.818 m) geht es \u00fcber eine dramatische Abfolge von Gipfeln, Tunneln und exponierten Graten bis zum Pico Ruivo (1.862 m), dem h\u00f6chsten Punkt Madeiras. An klaren Tagen erstreckt sich der Blick \u00fcber die gesamte [&hellip;]<\/p>\n","protected":false},"featured_media":2814,"menu_order":264,"template":"","meta":{"_acf_changed":false,"site-sidebar-layout":"default","site-content-layout":"","ast-site-content-layout":"default","site-content-style":"default","site-sidebar-style":"default","ast-global-header-display":"","ast-banner-title-visibility":"","ast-main-header-display":"","ast-hfb-above-header-display":"","ast-hfb-below-header-display":"","ast-hfb-mobile-header-display":"","site-post-title":"","ast-breadcrumbs-content":"","ast-featured-img":"","footer-sml-layout":"","ast-disable-related-posts":"","theme-transparent-header-meta":"","adv-header-id-meta":"","stick-header-meta":"","header-above-stick-meta":"","header-main-stick-meta":"","header-below-stick-meta":"","astra-migrate-meta-layouts":"default","ast-page-background-enabled":"default","ast-page-background-meta":{"desktop":{"background-color":"var(--ast-global-color-4)","background-image":"","background-repeat":"repeat","background-position":"center center","background-size":"auto","background-attachment":"scroll","background-type":"","background-media":"","overlay-type":"","overlay-color":"","overlay-opacity":"","overlay-gradient":""},"tablet":{"background-color":"","background-image":"","background-repeat":"repeat","background-position":"center center","background-size":"auto","background-attachment":"scroll","background-type":"","background-media":"","overlay-type":"","overlay-color":"","overlay-opacity":"","overlay-gradient":""},"mobile":{"background-color":"","background-image":"","background-repeat":"repeat","background-position":"center center","background-size":"auto","background-attachment":"scroll","background-type":"","background-media":"","overlay-type":"","overlay-color":"","overlay-opacity":"","overlay-gradient":""}},"ast-content-background-meta":{"desktop":{"background-color":"var(--ast-global-color-5)","background-image":"","background-repeat":"repeat","background-position":"center center","background-size":"auto","background-attachment":"scroll","background-type":"","background-media":"","overlay-type":"","overlay-color":"","overlay-opacity":"","overlay-gradient":""},"tablet":{"background-color":"var(--ast-global-color-5)","background-image":"","background-repeat":"repeat","background-position":"center center","background-size":"auto","background-attachment":"scroll","background-type":"","background-media":"","overlay-type":"","overlay-color":"","overlay-opacity":"","overlay-gradient":""},"mobile":{"background-color":"var(--ast-global-color-5)","background-image":"","background-repeat":"repeat","background-position":"center center","background-size":"auto","background-attachment":"scroll","background-type":"","background-media":"","overlay-type":"","overlay-color":"","overlay-opacity":"","overlay-gradient":""}}},"service-category":[49,48],"class_list":["post-3346","service","type-service","status-publish","has-post-thumbnail","hentry","service-category-ganztagestouren","service-category-madeira-wandern"],"acf":[],"yoast_head":"<!-- This site is optimized with the Yoast SEO plugin v28.3 - https:\/\/yoast.com\/product\/yoast-seo-wordpress\/ -->\n<title>Standort: Zentrum der Insel Besonderes Merkmal: H\u00f6chster Gipfel - Lokoloko Madeira<\/title>\n<meta name=\"robots\" content=\"index, follow, max-snippet:-1, max-image-preview:large, max-video-preview:-1\" \/>\n<link rel=\"canonical\" href=\"https:\/\/lokolokomadeira.com\/de\/tour\/standort-zentrum-der-insel-besonderes-merkmal-hoechster-gipfel\/\" \/>\n<meta property=\"og:locale\" content=\"de_DE\" \/>\n<meta property=\"og:type\" content=\"article\" \/>\n<meta property=\"og:title\" content=\"Standort: Zentrum der Insel Besonderes Merkmal: H\u00f6chster Gipfel - Lokoloko Madeira\" \/>\n<meta property=\"og:description\" content=\"Dies ist Madeiras gr\u00f6\u00dfte Bergwanderung \u2013 eine Hochgebirgs-Gratwanderung, die den dritt- und h\u00f6chsten Gipfel der Insel verbindet. Vom Pico do Arieiro (1.818 m) geht es \u00fcber eine dramatische Abfolge von Gipfeln, Tunneln und exponierten Graten bis zum Pico Ruivo (1.862 m), dem h\u00f6chsten Punkt Madeiras. An klaren Tagen erstreckt sich der Blick \u00fcber die gesamte [&hellip;]\" \/>\n<meta property=\"og:url\" content=\"https:\/\/lokolokomadeira.com\/de\/tour\/standort-zentrum-der-insel-besonderes-merkmal-hoechster-gipfel\/\" \/>\n<meta property=\"og:site_name\" content=\"Lokoloko Madeira\" \/>\n<meta property=\"article:modified_time\" content=\"2026-04-15T18:14:09+00:00\" \/>\n<meta property=\"og:image\" content=\"https:\/\/lokolokomadeira.com\/wp-content\/uploads\/2024\/02\/lokoloko-walks-and-experiences-levada-do-rei-5.jpg\" \/>\n\t<meta property=\"og:image:width\" content=\"600\" \/>\n\t<meta property=\"og:image:height\" content=\"400\" \/>\n\t<meta property=\"og:image:type\" content=\"image\/jpeg\" \/>\n<meta name=\"twitter:card\" content=\"summary_large_image\" \/>\n<meta name=\"twitter:label1\" content=\"Gesch\u00e4tzte Lesezeit\" \/>\n\t<meta name=\"twitter:data1\" content=\"1\u00a0Minute\" \/>\n<script type=\"application\/ld+json\" class=\"yoast-schema-graph\">{\"@context\":\"https:\\\/\\\/schema.org\",\"@graph\":[{\"@type\":\"WebPage\",\"@id\":\"https:\\\/\\\/lokolokomadeira.com\\\/de\\\/tour\\\/standort-zentrum-der-insel-besonderes-merkmal-hoechster-gipfel\\\/\",\"url\":\"https:\\\/\\\/lokolokomadeira.com\\\/de\\\/tour\\\/standort-zentrum-der-insel-besonderes-merkmal-hoechster-gipfel\\\/\",\"name\":\"Standort: Zentrum der Insel Besonderes Merkmal: H\u00f6chster Gipfel - Lokoloko Madeira\",\"isPartOf\":{\"@id\":\"https:\\\/\\\/lokolokomadeira.com\\\/#website\"},\"primaryImageOfPage\":{\"@id\":\"https:\\\/\\\/lokolokomadeira.com\\\/de\\\/tour\\\/standort-zentrum-der-insel-besonderes-merkmal-hoechster-gipfel\\\/#primaryimage\"},\"image\":{\"@id\":\"https:\\\/\\\/lokolokomadeira.com\\\/de\\\/tour\\\/standort-zentrum-der-insel-besonderes-merkmal-hoechster-gipfel\\\/#primaryimage\"},\"thumbnailUrl\":\"https:\\\/\\\/lokolokomadeira.com\\\/wp-content\\\/uploads\\\/2024\\\/02\\\/lokoloko-walks-and-experiences-levada-do-rei-5.jpg\",\"datePublished\":\"2024-02-10T11:25:48+00:00\",\"dateModified\":\"2026-04-15T18:14:09+00:00\",\"breadcrumb\":{\"@id\":\"https:\\\/\\\/lokolokomadeira.com\\\/de\\\/tour\\\/standort-zentrum-der-insel-besonderes-merkmal-hoechster-gipfel\\\/#breadcrumb\"},\"inLanguage\":\"de\",\"potentialAction\":[{\"@type\":\"ReadAction\",\"target\":[\"https:\\\/\\\/lokolokomadeira.com\\\/de\\\/tour\\\/standort-zentrum-der-insel-besonderes-merkmal-hoechster-gipfel\\\/\"]}]},{\"@type\":\"ImageObject\",\"inLanguage\":\"de\",\"@id\":\"https:\\\/\\\/lokolokomadeira.com\\\/de\\\/tour\\\/standort-zentrum-der-insel-besonderes-merkmal-hoechster-gipfel\\\/#primaryimage\",\"url\":\"https:\\\/\\\/lokolokomadeira.com\\\/wp-content\\\/uploads\\\/2024\\\/02\\\/lokoloko-walks-and-experiences-levada-do-rei-5.jpg\",\"contentUrl\":\"https:\\\/\\\/lokolokomadeira.com\\\/wp-content\\\/uploads\\\/2024\\\/02\\\/lokoloko-walks-and-experiences-levada-do-rei-5.jpg\",\"width\":600,\"height\":400,\"caption\":\"Lokoloko walks and experiences levada do rei 5 \u2013 Lokoloko Madeira\"},{\"@type\":\"BreadcrumbList\",\"@id\":\"https:\\\/\\\/lokolokomadeira.com\\\/de\\\/tour\\\/standort-zentrum-der-insel-besonderes-merkmal-hoechster-gipfel\\\/#breadcrumb\",\"itemListElement\":[{\"@type\":\"ListItem\",\"position\":1,\"name\":\"Home\",\"item\":\"https:\\\/\\\/lokolokomadeira.com\\\/de\\\/\"},{\"@type\":\"ListItem\",\"position\":2,\"name\":\"Tours\",\"item\":\"https:\\\/\\\/lokolokomadeira.com\\\/tour\\\/\"},{\"@type\":\"ListItem\",\"position\":3,\"name\":\"Standort: Zentrum der Insel Besonderes Merkmal: H\u00f6chster Gipfel\"}]},{\"@type\":\"WebSite\",\"@id\":\"https:\\\/\\\/lokolokomadeira.com\\\/#website\",\"url\":\"https:\\\/\\\/lokolokomadeira.com\\\/\",\"name\":\"Lokoloko Madeira\",\"description\":\"\",\"publisher\":{\"@id\":\"https:\\\/\\\/lokolokomadeira.com\\\/#organization\"},\"potentialAction\":[{\"@type\":\"SearchAction\",\"target\":{\"@type\":\"EntryPoint\",\"urlTemplate\":\"https:\\\/\\\/lokolokomadeira.com\\\/?s={search_term_string}\"},\"query-input\":{\"@type\":\"PropertyValueSpecification\",\"valueRequired\":true,\"valueName\":\"search_term_string\"}}],\"inLanguage\":\"de\"},{\"@type\":\"Organization\",\"@id\":\"https:\\\/\\\/lokolokomadeira.com\\\/#organization\",\"name\":\"Lokoloko Madeira\",\"url\":\"https:\\\/\\\/lokolokomadeira.com\\\/\",\"logo\":{\"@type\":\"ImageObject\",\"inLanguage\":\"de\",\"@id\":\"https:\\\/\\\/lokolokomadeira.com\\\/#\\\/schema\\\/logo\\\/image\\\/\",\"url\":\"https:\\\/\\\/lokolokomadeira.com\\\/wp-content\\\/uploads\\\/2024\\\/01\\\/logo-lokoloko-inverted-footer.svg\",\"contentUrl\":\"https:\\\/\\\/lokolokomadeira.com\\\/wp-content\\\/uploads\\\/2024\\\/01\\\/logo-lokoloko-inverted-footer.svg\",\"caption\":\"Lokoloko Madeira\"},\"image\":{\"@id\":\"https:\\\/\\\/lokolokomadeira.com\\\/#\\\/schema\\\/logo\\\/image\\\/\"}}]}<\/script>\n<!-- \/ Yoast SEO plugin. -->","yoast_head_json":{"title":"Standort: Zentrum der Insel Besonderes Merkmal: H\u00f6chster Gipfel - Lokoloko Madeira","robots":{"index":"index","follow":"follow","max-snippet":"max-snippet:-1","max-image-preview":"max-image-preview:large","max-video-preview":"max-video-preview:-1"},"canonical":"https:\/\/lokolokomadeira.com\/de\/tour\/standort-zentrum-der-insel-besonderes-merkmal-hoechster-gipfel\/","og_locale":"de_DE","og_type":"article","og_title":"Standort: Zentrum der Insel Besonderes Merkmal: H\u00f6chster Gipfel - Lokoloko Madeira","og_description":"Dies ist Madeiras gr\u00f6\u00dfte Bergwanderung \u2013 eine Hochgebirgs-Gratwanderung, die den dritt- und h\u00f6chsten Gipfel der Insel verbindet. Vom Pico do Arieiro (1.818 m) geht es \u00fcber eine dramatische Abfolge von Gipfeln, Tunneln und exponierten Graten bis zum Pico Ruivo (1.862 m), dem h\u00f6chsten Punkt Madeiras. An klaren Tagen erstreckt sich der Blick \u00fcber die gesamte [&hellip;]","og_url":"https:\/\/lokolokomadeira.com\/de\/tour\/standort-zentrum-der-insel-besonderes-merkmal-hoechster-gipfel\/","og_site_name":"Lokoloko Madeira","article_modified_time":"2026-04-15T18:14:09+00:00","og_image":[{"width":600,"height":400,"url":"https:\/\/lokolokomadeira.com\/wp-content\/uploads\/2024\/02\/lokoloko-walks-and-experiences-levada-do-rei-5.jpg","type":"image\/jpeg"}],"twitter_card":"summary_large_image","twitter_misc":{"Gesch\u00e4tzte Lesezeit":"1\u00a0Minute"},"schema":{"@context":"https:\/\/schema.org","@graph":[{"@type":"WebPage","@id":"https:\/\/lokolokomadeira.com\/de\/tour\/standort-zentrum-der-insel-besonderes-merkmal-hoechster-gipfel\/","url":"https:\/\/lokolokomadeira.com\/de\/tour\/standort-zentrum-der-insel-besonderes-merkmal-hoechster-gipfel\/","name":"Standort: Zentrum der Insel Besonderes Merkmal: H\u00f6chster Gipfel - Lokoloko Madeira","isPartOf":{"@id":"https:\/\/lokolokomadeira.com\/#website"},"primaryImageOfPage":{"@id":"https:\/\/lokolokomadeira.com\/de\/tour\/standort-zentrum-der-insel-besonderes-merkmal-hoechster-gipfel\/#primaryimage"},"image":{"@id":"https:\/\/lokolokomadeira.com\/de\/tour\/standort-zentrum-der-insel-besonderes-merkmal-hoechster-gipfel\/#primaryimage"},"thumbnailUrl":"https:\/\/lokolokomadeira.com\/wp-content\/uploads\/2024\/02\/lokoloko-walks-and-experiences-levada-do-rei-5.jpg","datePublished":"2024-02-10T11:25:48+00:00","dateModified":"2026-04-15T18:14:09+00:00","breadcrumb":{"@id":"https:\/\/lokolokomadeira.com\/de\/tour\/standort-zentrum-der-insel-besonderes-merkmal-hoechster-gipfel\/#breadcrumb"},"inLanguage":"de","potentialAction":[{"@type":"ReadAction","target":["https:\/\/lokolokomadeira.com\/de\/tour\/standort-zentrum-der-insel-besonderes-merkmal-hoechster-gipfel\/"]}]},{"@type":"ImageObject","inLanguage":"de","@id":"https:\/\/lokolokomadeira.com\/de\/tour\/standort-zentrum-der-insel-besonderes-merkmal-hoechster-gipfel\/#primaryimage","url":"https:\/\/lokolokomadeira.com\/wp-content\/uploads\/2024\/02\/lokoloko-walks-and-experiences-levada-do-rei-5.jpg","contentUrl":"https:\/\/lokolokomadeira.com\/wp-content\/uploads\/2024\/02\/lokoloko-walks-and-experiences-levada-do-rei-5.jpg","width":600,"height":400,"caption":"Lokoloko walks and experiences levada do rei 5 \u2013 Lokoloko Madeira"},{"@type":"BreadcrumbList","@id":"https:\/\/lokolokomadeira.com\/de\/tour\/standort-zentrum-der-insel-besonderes-merkmal-hoechster-gipfel\/#breadcrumb","itemListElement":[{"@type":"ListItem","position":1,"name":"Home","item":"https:\/\/lokolokomadeira.com\/de\/"},{"@type":"ListItem","position":2,"name":"Tours","item":"https:\/\/lokolokomadeira.com\/tour\/"},{"@type":"ListItem","position":3,"name":"Standort: Zentrum der Insel Besonderes Merkmal: H\u00f6chster Gipfel"}]},{"@type":"WebSite","@id":"https:\/\/lokolokomadeira.com\/#website","url":"https:\/\/lokolokomadeira.com\/","name":"Lokoloko Madeira","description":"","publisher":{"@id":"https:\/\/lokolokomadeira.com\/#organization"},"potentialAction":[{"@type":"SearchAction","target":{"@type":"EntryPoint","urlTemplate":"https:\/\/lokolokomadeira.com\/?s={search_term_string}"},"query-input":{"@type":"PropertyValueSpecification","valueRequired":true,"valueName":"search_term_string"}}],"inLanguage":"de"},{"@type":"Organization","@id":"https:\/\/lokolokomadeira.com\/#organization","name":"Lokoloko Madeira","url":"https:\/\/lokolokomadeira.com\/","logo":{"@type":"ImageObject","inLanguage":"de","@id":"https:\/\/lokolokomadeira.com\/#\/schema\/logo\/image\/","url":"https:\/\/lokolokomadeira.com\/wp-content\/uploads\/2024\/01\/logo-lokoloko-inverted-footer.svg","contentUrl":"https:\/\/lokolokomadeira.com\/wp-content\/uploads\/2024\/01\/logo-lokoloko-inverted-footer.svg","caption":"Lokoloko Madeira"},"image":{"@id":"https:\/\/lokolokomadeira.com\/#\/schema\/logo\/image\/"}}]}},"_links":{"self":[{"href":"https:\/\/lokolokomadeira.com\/de\/wp-json\/wp\/v2\/service\/3346","targetHints":{"allow":["GET"]}}],"collection":[{"href":"https:\/\/lokolokomadeira.com\/de\/wp-json\/wp\/v2\/service"}],"about":[{"href":"https:\/\/lokolokomadeira.com\/de\/wp-json\/wp\/v2\/types\/service"}],"wp:featuredmedia":[{"embeddable":true,"href":"https:\/\/lokolokomadeira.com\/de\/wp-json\/wp\/v2\/media\/2814"}],"wp:attachment":[{"href":"https:\/\/lokolokomadeira.com\/de\/wp-json\/wp\/v2\/media?parent=3346"}],"wp:term":[{"taxonomy":"service-category","embeddable":true,"href":"https:\/\/lokolokomadeira.com\/de\/wp-json\/wp\/v2\/service-category?post=3346"}],"curies":[{"name":"wp","href":"https:\/\/api.w.org\/{rel}","templated":true}]}}