{"id":3344,"date":"2024-02-10T11:21:51","date_gmt":"2024-02-10T11:21:51","guid":{"rendered":"https:\/\/lokolokomadeira.com\/tour\/kuestenwanderung-vereda-do-larano-ganztagestour\/"},"modified":"2026-04-29T09:28:21","modified_gmt":"2026-04-29T08:28:21","slug":"kuestenwanderung-vereda-do-larano-ganztagestour","status":"publish","type":"service","link":"https:\/\/lokolokomadeira.com\/de\/tour\/kuestenwanderung-vereda-do-larano-ganztagestour\/","title":{"rendered":"K\u00fcstenwanderung Vereda do Larano &#8211; Ganztagestour"},"content":{"rendered":"\n<p class=\"wp-block-paragraph\">Es gibt nur wenige K\u00fcstenwanderwege in Europa, die so vielf\u00e4ltig sind wie der Larano. Vor Hunderten von Jahren wurde dieser Weg f\u00fcr den Handel geschaffen, um von Porto da Cruz nach Machico zu gelangen. Heute verzaubert uns dieser Wanderweg mit wundersch\u00f6nen Ausblicken, ob im Machico-Tal, in der Steilk\u00fcste \u00fcber dem Meer zu unserer Nachbarinsel Porto Santo oder im Fischerdorf Santa Cruz. Larano l\u00e4sst das Herz eines jeden Wanderers h\u00f6her schlagen!<\/p>\n\n<h2 class=\"wp-block-heading\">Details zur Tour<\/h2>\n\n<ul class=\"wp-block-list\">\n<li><strong>Standort der Tour:<\/strong> Nord\u00f6stlich von Madeira<\/li>\n\n\n\n<li><strong>Special feature:<\/strong>\u00a0Terraced fields &amp; cliff walks<\/li>\n<\/ul>\n\n\n<p class=\"wp-block-paragraph\">Mehr Informationen: <a href=\"https:\/\/lokolokomadeira.com\/de\/2026\/04\/15\/levada-wanderungen-madeira-guide\/\">vollst\u00e4ndigen Levada-Wanderf\u00fchrer f\u00fcr Madeira<\/a>.<\/p>\n","protected":false},"excerpt":{"rendered":"<p>Es gibt nur wenige K\u00fcstenwanderwege in Europa, die so vielf\u00e4ltig sind wie der Larano. Vor Hunderten von Jahren wurde dieser Weg f\u00fcr den Handel geschaffen, um von Porto da Cruz nach Machico zu gelangen. Heute verzaubert uns dieser Wanderweg mit wundersch\u00f6nen Ausblicken, ob im Machico-Tal, in der Steilk\u00fcste \u00fcber dem Meer zu unserer Nachbarinsel Porto [&hellip;]<\/p>\n","protected":false},"featured_media":2809,"menu_order":257,"template":"","meta":{"_acf_changed":false,"site-sidebar-layout":"default","site-content-layout":"","ast-site-content-layout":"default","site-content-style":"default","site-sidebar-style":"default","ast-global-header-display":"","ast-banner-title-visibility":"","ast-main-header-display":"","ast-hfb-above-header-display":"","ast-hfb-below-header-display":"","ast-hfb-mobile-header-display":"","site-post-title":"","ast-breadcrumbs-content":"","ast-featured-img":"","footer-sml-layout":"","ast-disable-related-posts":"","theme-transparent-header-meta":"","adv-header-id-meta":"","stick-header-meta":"","header-above-stick-meta":"","header-main-stick-meta":"","header-below-stick-meta":"","astra-migrate-meta-layouts":"default","ast-page-background-enabled":"default","ast-page-background-meta":{"desktop":{"background-color":"var(--ast-global-color-4)","background-image":"","background-repeat":"repeat","background-position":"center center","background-size":"auto","background-attachment":"scroll","background-type":"","background-media":"","overlay-type":"","overlay-color":"","overlay-opacity":"","overlay-gradient":""},"tablet":{"background-color":"","background-image":"","background-repeat":"repeat","background-position":"center center","background-size":"auto","background-attachment":"scroll","background-type":"","background-media":"","overlay-type":"","overlay-color":"","overlay-opacity":"","overlay-gradient":""},"mobile":{"background-color":"","background-image":"","background-repeat":"repeat","background-position":"center center","background-size":"auto","background-attachment":"scroll","background-type":"","background-media":"","overlay-type":"","overlay-color":"","overlay-opacity":"","overlay-gradient":""}},"ast-content-background-meta":{"desktop":{"background-color":"var(--ast-global-color-5)","background-image":"","background-repeat":"repeat","background-position":"center center","background-size":"auto","background-attachment":"scroll","background-type":"","background-media":"","overlay-type":"","overlay-color":"","overlay-opacity":"","overlay-gradient":""},"tablet":{"background-color":"var(--ast-global-color-5)","background-image":"","background-repeat":"repeat","background-position":"center center","background-size":"auto","background-attachment":"scroll","background-type":"","background-media":"","overlay-type":"","overlay-color":"","overlay-opacity":"","overlay-gradient":""},"mobile":{"background-color":"var(--ast-global-color-5)","background-image":"","background-repeat":"repeat","background-position":"center center","background-size":"auto","background-attachment":"scroll","background-type":"","background-media":"","overlay-type":"","overlay-color":"","overlay-opacity":"","overlay-gradient":""}}},"service-category":[49,48],"class_list":["post-3344","service","type-service","status-publish","has-post-thumbnail","hentry","service-category-ganztagestouren","service-category-madeira-wandern"],"acf":[],"yoast_head":"<!-- This site is optimized with the Yoast SEO plugin v28.3 - https:\/\/yoast.com\/product\/yoast-seo-wordpress\/ -->\n<title>K\u00fcstenwanderung Vereda do Larano - Ganztagestour - Lokoloko Madeira<\/title>\n<meta name=\"description\" content=\"Wandern Sie die Vereda do Larano \u2013 K\u00fcstenwanderung entlang dramatischer Klippen von Porto da Cruz nach Machico. Gef\u00fchrte Ganztagestour f\u00fcr alle Niveaus.\" \/>\n<meta name=\"robots\" content=\"index, follow, max-snippet:-1, max-image-preview:large, max-video-preview:-1\" \/>\n<link rel=\"canonical\" href=\"https:\/\/lokolokomadeira.com\/de\/tour\/kuestenwanderung-vereda-do-larano-ganztagestour\/\" \/>\n<meta property=\"og:locale\" content=\"de_DE\" \/>\n<meta property=\"og:type\" content=\"article\" \/>\n<meta property=\"og:title\" content=\"K\u00fcstenwanderung Vereda do Larano - Ganztagestour - Lokoloko Madeira\" \/>\n<meta property=\"og:description\" content=\"Wandern Sie die Vereda do Larano \u2013 K\u00fcstenwanderung entlang dramatischer Klippen von Porto da Cruz nach Machico. Gef\u00fchrte Ganztagestour f\u00fcr alle Niveaus.\" \/>\n<meta property=\"og:url\" content=\"https:\/\/lokolokomadeira.com\/de\/tour\/kuestenwanderung-vereda-do-larano-ganztagestour\/\" \/>\n<meta property=\"og:site_name\" content=\"Lokoloko Madeira\" \/>\n<meta property=\"article:modified_time\" content=\"2026-04-29T08:28:21+00:00\" \/>\n<meta property=\"og:image\" content=\"https:\/\/lokolokomadeira.com\/wp-content\/uploads\/2024\/02\/lokoloko-walks-and-experiences-levada-do-larano-4.jpg\" \/>\n\t<meta property=\"og:image:width\" content=\"600\" \/>\n\t<meta property=\"og:image:height\" content=\"400\" \/>\n\t<meta property=\"og:image:type\" content=\"image\/jpeg\" \/>\n<meta name=\"twitter:card\" content=\"summary_large_image\" \/>\n<meta name=\"twitter:label1\" content=\"Gesch\u00e4tzte Lesezeit\" \/>\n\t<meta name=\"twitter:data1\" content=\"1\u00a0Minute\" \/>\n<script type=\"application\/ld+json\" class=\"yoast-schema-graph\">{\"@context\":\"https:\\\/\\\/schema.org\",\"@graph\":[{\"@type\":\"WebPage\",\"@id\":\"https:\\\/\\\/lokolokomadeira.com\\\/de\\\/tour\\\/kuestenwanderung-vereda-do-larano-ganztagestour\\\/\",\"url\":\"https:\\\/\\\/lokolokomadeira.com\\\/de\\\/tour\\\/kuestenwanderung-vereda-do-larano-ganztagestour\\\/\",\"name\":\"K\u00fcstenwanderung Vereda do Larano - Ganztagestour - Lokoloko Madeira\",\"isPartOf\":{\"@id\":\"https:\\\/\\\/lokolokomadeira.com\\\/#website\"},\"primaryImageOfPage\":{\"@id\":\"https:\\\/\\\/lokolokomadeira.com\\\/de\\\/tour\\\/kuestenwanderung-vereda-do-larano-ganztagestour\\\/#primaryimage\"},\"image\":{\"@id\":\"https:\\\/\\\/lokolokomadeira.com\\\/de\\\/tour\\\/kuestenwanderung-vereda-do-larano-ganztagestour\\\/#primaryimage\"},\"thumbnailUrl\":\"https:\\\/\\\/lokolokomadeira.com\\\/wp-content\\\/uploads\\\/2024\\\/02\\\/lokoloko-walks-and-experiences-levada-do-larano-4.jpg\",\"datePublished\":\"2024-02-10T11:21:51+00:00\",\"dateModified\":\"2026-04-29T08:28:21+00:00\",\"description\":\"Wandern Sie die Vereda do Larano \u2013 K\u00fcstenwanderung entlang dramatischer Klippen von Porto da Cruz nach Machico. Gef\u00fchrte Ganztagestour f\u00fcr alle Niveaus.\",\"breadcrumb\":{\"@id\":\"https:\\\/\\\/lokolokomadeira.com\\\/de\\\/tour\\\/kuestenwanderung-vereda-do-larano-ganztagestour\\\/#breadcrumb\"},\"inLanguage\":\"de\",\"potentialAction\":[{\"@type\":\"ReadAction\",\"target\":[\"https:\\\/\\\/lokolokomadeira.com\\\/de\\\/tour\\\/kuestenwanderung-vereda-do-larano-ganztagestour\\\/\"]}]},{\"@type\":\"ImageObject\",\"inLanguage\":\"de\",\"@id\":\"https:\\\/\\\/lokolokomadeira.com\\\/de\\\/tour\\\/kuestenwanderung-vereda-do-larano-ganztagestour\\\/#primaryimage\",\"url\":\"https:\\\/\\\/lokolokomadeira.com\\\/wp-content\\\/uploads\\\/2024\\\/02\\\/lokoloko-walks-and-experiences-levada-do-larano-4.jpg\",\"contentUrl\":\"https:\\\/\\\/lokolokomadeira.com\\\/wp-content\\\/uploads\\\/2024\\\/02\\\/lokoloko-walks-and-experiences-levada-do-larano-4.jpg\",\"width\":600,\"height\":400,\"caption\":\"Lokoloko walks and experiences levada do larano 4 \u2013 Lokoloko Madeira\"},{\"@type\":\"BreadcrumbList\",\"@id\":\"https:\\\/\\\/lokolokomadeira.com\\\/de\\\/tour\\\/kuestenwanderung-vereda-do-larano-ganztagestour\\\/#breadcrumb\",\"itemListElement\":[{\"@type\":\"ListItem\",\"position\":1,\"name\":\"Home\",\"item\":\"https:\\\/\\\/lokolokomadeira.com\\\/de\\\/\"},{\"@type\":\"ListItem\",\"position\":2,\"name\":\"Tours\",\"item\":\"https:\\\/\\\/lokolokomadeira.com\\\/tour\\\/\"},{\"@type\":\"ListItem\",\"position\":3,\"name\":\"K\u00fcstenwanderung Vereda do Larano &#8211; Ganztagestour\"}]},{\"@type\":\"WebSite\",\"@id\":\"https:\\\/\\\/lokolokomadeira.com\\\/#website\",\"url\":\"https:\\\/\\\/lokolokomadeira.com\\\/\",\"name\":\"Lokoloko Madeira\",\"description\":\"\",\"publisher\":{\"@id\":\"https:\\\/\\\/lokolokomadeira.com\\\/#organization\"},\"potentialAction\":[{\"@type\":\"SearchAction\",\"target\":{\"@type\":\"EntryPoint\",\"urlTemplate\":\"https:\\\/\\\/lokolokomadeira.com\\\/?s={search_term_string}\"},\"query-input\":{\"@type\":\"PropertyValueSpecification\",\"valueRequired\":true,\"valueName\":\"search_term_string\"}}],\"inLanguage\":\"de\"},{\"@type\":\"Organization\",\"@id\":\"https:\\\/\\\/lokolokomadeira.com\\\/#organization\",\"name\":\"Lokoloko Madeira\",\"url\":\"https:\\\/\\\/lokolokomadeira.com\\\/\",\"logo\":{\"@type\":\"ImageObject\",\"inLanguage\":\"de\",\"@id\":\"https:\\\/\\\/lokolokomadeira.com\\\/#\\\/schema\\\/logo\\\/image\\\/\",\"url\":\"https:\\\/\\\/lokolokomadeira.com\\\/wp-content\\\/uploads\\\/2024\\\/01\\\/logo-lokoloko-inverted-footer.svg\",\"contentUrl\":\"https:\\\/\\\/lokolokomadeira.com\\\/wp-content\\\/uploads\\\/2024\\\/01\\\/logo-lokoloko-inverted-footer.svg\",\"caption\":\"Lokoloko Madeira\"},\"image\":{\"@id\":\"https:\\\/\\\/lokolokomadeira.com\\\/#\\\/schema\\\/logo\\\/image\\\/\"}}]}<\/script>\n<!-- \/ Yoast SEO plugin. -->","yoast_head_json":{"title":"K\u00fcstenwanderung Vereda do Larano - Ganztagestour - Lokoloko Madeira","description":"Wandern Sie die Vereda do Larano \u2013 K\u00fcstenwanderung entlang dramatischer Klippen von Porto da Cruz nach Machico. Gef\u00fchrte Ganztagestour f\u00fcr alle Niveaus.","robots":{"index":"index","follow":"follow","max-snippet":"max-snippet:-1","max-image-preview":"max-image-preview:large","max-video-preview":"max-video-preview:-1"},"canonical":"https:\/\/lokolokomadeira.com\/de\/tour\/kuestenwanderung-vereda-do-larano-ganztagestour\/","og_locale":"de_DE","og_type":"article","og_title":"K\u00fcstenwanderung Vereda do Larano - Ganztagestour - Lokoloko Madeira","og_description":"Wandern Sie die Vereda do Larano \u2013 K\u00fcstenwanderung entlang dramatischer Klippen von Porto da Cruz nach Machico. Gef\u00fchrte Ganztagestour f\u00fcr alle Niveaus.","og_url":"https:\/\/lokolokomadeira.com\/de\/tour\/kuestenwanderung-vereda-do-larano-ganztagestour\/","og_site_name":"Lokoloko Madeira","article_modified_time":"2026-04-29T08:28:21+00:00","og_image":[{"width":600,"height":400,"url":"https:\/\/lokolokomadeira.com\/wp-content\/uploads\/2024\/02\/lokoloko-walks-and-experiences-levada-do-larano-4.jpg","type":"image\/jpeg"}],"twitter_card":"summary_large_image","twitter_misc":{"Gesch\u00e4tzte Lesezeit":"1\u00a0Minute"},"schema":{"@context":"https:\/\/schema.org","@graph":[{"@type":"WebPage","@id":"https:\/\/lokolokomadeira.com\/de\/tour\/kuestenwanderung-vereda-do-larano-ganztagestour\/","url":"https:\/\/lokolokomadeira.com\/de\/tour\/kuestenwanderung-vereda-do-larano-ganztagestour\/","name":"K\u00fcstenwanderung Vereda do Larano - Ganztagestour - Lokoloko Madeira","isPartOf":{"@id":"https:\/\/lokolokomadeira.com\/#website"},"primaryImageOfPage":{"@id":"https:\/\/lokolokomadeira.com\/de\/tour\/kuestenwanderung-vereda-do-larano-ganztagestour\/#primaryimage"},"image":{"@id":"https:\/\/lokolokomadeira.com\/de\/tour\/kuestenwanderung-vereda-do-larano-ganztagestour\/#primaryimage"},"thumbnailUrl":"https:\/\/lokolokomadeira.com\/wp-content\/uploads\/2024\/02\/lokoloko-walks-and-experiences-levada-do-larano-4.jpg","datePublished":"2024-02-10T11:21:51+00:00","dateModified":"2026-04-29T08:28:21+00:00","description":"Wandern Sie die Vereda do Larano \u2013 K\u00fcstenwanderung entlang dramatischer Klippen von Porto da Cruz nach Machico. Gef\u00fchrte Ganztagestour f\u00fcr alle Niveaus.","breadcrumb":{"@id":"https:\/\/lokolokomadeira.com\/de\/tour\/kuestenwanderung-vereda-do-larano-ganztagestour\/#breadcrumb"},"inLanguage":"de","potentialAction":[{"@type":"ReadAction","target":["https:\/\/lokolokomadeira.com\/de\/tour\/kuestenwanderung-vereda-do-larano-ganztagestour\/"]}]},{"@type":"ImageObject","inLanguage":"de","@id":"https:\/\/lokolokomadeira.com\/de\/tour\/kuestenwanderung-vereda-do-larano-ganztagestour\/#primaryimage","url":"https:\/\/lokolokomadeira.com\/wp-content\/uploads\/2024\/02\/lokoloko-walks-and-experiences-levada-do-larano-4.jpg","contentUrl":"https:\/\/lokolokomadeira.com\/wp-content\/uploads\/2024\/02\/lokoloko-walks-and-experiences-levada-do-larano-4.jpg","width":600,"height":400,"caption":"Lokoloko walks and experiences levada do larano 4 \u2013 Lokoloko Madeira"},{"@type":"BreadcrumbList","@id":"https:\/\/lokolokomadeira.com\/de\/tour\/kuestenwanderung-vereda-do-larano-ganztagestour\/#breadcrumb","itemListElement":[{"@type":"ListItem","position":1,"name":"Home","item":"https:\/\/lokolokomadeira.com\/de\/"},{"@type":"ListItem","position":2,"name":"Tours","item":"https:\/\/lokolokomadeira.com\/tour\/"},{"@type":"ListItem","position":3,"name":"K\u00fcstenwanderung Vereda do Larano &#8211; Ganztagestour"}]},{"@type":"WebSite","@id":"https:\/\/lokolokomadeira.com\/#website","url":"https:\/\/lokolokomadeira.com\/","name":"Lokoloko Madeira","description":"","publisher":{"@id":"https:\/\/lokolokomadeira.com\/#organization"},"potentialAction":[{"@type":"SearchAction","target":{"@type":"EntryPoint","urlTemplate":"https:\/\/lokolokomadeira.com\/?s={search_term_string}"},"query-input":{"@type":"PropertyValueSpecification","valueRequired":true,"valueName":"search_term_string"}}],"inLanguage":"de"},{"@type":"Organization","@id":"https:\/\/lokolokomadeira.com\/#organization","name":"Lokoloko Madeira","url":"https:\/\/lokolokomadeira.com\/","logo":{"@type":"ImageObject","inLanguage":"de","@id":"https:\/\/lokolokomadeira.com\/#\/schema\/logo\/image\/","url":"https:\/\/lokolokomadeira.com\/wp-content\/uploads\/2024\/01\/logo-lokoloko-inverted-footer.svg","contentUrl":"https:\/\/lokolokomadeira.com\/wp-content\/uploads\/2024\/01\/logo-lokoloko-inverted-footer.svg","caption":"Lokoloko Madeira"},"image":{"@id":"https:\/\/lokolokomadeira.com\/#\/schema\/logo\/image\/"}}]}},"_links":{"self":[{"href":"https:\/\/lokolokomadeira.com\/de\/wp-json\/wp\/v2\/service\/3344","targetHints":{"allow":["GET"]}}],"collection":[{"href":"https:\/\/lokolokomadeira.com\/de\/wp-json\/wp\/v2\/service"}],"about":[{"href":"https:\/\/lokolokomadeira.com\/de\/wp-json\/wp\/v2\/types\/service"}],"wp:featuredmedia":[{"embeddable":true,"href":"https:\/\/lokolokomadeira.com\/de\/wp-json\/wp\/v2\/media\/2809"}],"wp:attachment":[{"href":"https:\/\/lokolokomadeira.com\/de\/wp-json\/wp\/v2\/media?parent=3344"}],"wp:term":[{"taxonomy":"service-category","embeddable":true,"href":"https:\/\/lokolokomadeira.com\/de\/wp-json\/wp\/v2\/service-category?post=3344"}],"curies":[{"name":"wp","href":"https:\/\/api.w.org\/{rel}","templated":true}]}}