{"id":3340,"date":"2024-02-08T19:00:57","date_gmt":"2024-02-08T19:00:57","guid":{"rendered":"https:\/\/lokolokomadeira.com\/tour\/fanal-ganztagestour\/"},"modified":"2026-04-15T19:26:52","modified_gmt":"2026-04-15T18:26:52","slug":"fanal-ganztagestour","status":"publish","type":"service","link":"https:\/\/lokolokomadeira.com\/de\/tour\/fanal-ganztagestour\/","title":{"rendered":"Fanal &#8211; Ganztagestour"},"content":{"rendered":"\n<p class=\"wp-block-paragraph\">Fanal ist Madeiras bekanntestes Mountainbike-Revier f\u00fcr technische Fahrer. Der uralte Lorbeerwald im Nordwesten der Insel, bei Nebel und Moos besonders atmosph\u00e4risch, bietet mehrere Enduro-Linien mit Drops, Wurzeln und engen Kurven durch urw\u00fcchsigen Urwald. Auf 1.100 bis 1.300 Metern H\u00f6he ist Fanal auch einer der ersten Punkte der Insel, die von morgendlichem Nebel umh\u00fcllt werden \u2013 was den Wald zu einer fast \u00fcberirdischen Kulisse macht.<\/p>\n\n\n\n<p class=\"wp-block-paragraph\">Die Fanal-Ganztages-MTB-Tour geh\u00f6rt zu unseren beliebtesten Angeboten f\u00fcr erfahrene Mountainbiker. Wir beginnen in Funchal, fahren mit Transfer nach Fanal und verbringen den Tag auf dem Trail \u2013 mit Abstieg durch verschiedene Waldstreifen zur\u00fcck zur K\u00fcste.<\/p>\n","protected":false},"excerpt":{"rendered":"<p>Fanal ist Madeiras bekanntestes Mountainbike-Revier f\u00fcr technische Fahrer. Der uralte Lorbeerwald im Nordwesten der Insel, bei Nebel und Moos besonders atmosph\u00e4risch, bietet mehrere Enduro-Linien mit Drops, Wurzeln und engen Kurven durch urw\u00fcchsigen Urwald. Auf 1.100 bis 1.300 Metern H\u00f6he ist Fanal auch einer der ersten Punkte der Insel, die von morgendlichem Nebel umh\u00fcllt werden \u2013 [&hellip;]<\/p>\n","protected":false},"featured_media":2741,"menu_order":241,"template":"","meta":{"_acf_changed":false,"site-sidebar-layout":"default","site-content-layout":"","ast-site-content-layout":"default","site-content-style":"default","site-sidebar-style":"default","ast-global-header-display":"","ast-banner-title-visibility":"","ast-main-header-display":"","ast-hfb-above-header-display":"","ast-hfb-below-header-display":"","ast-hfb-mobile-header-display":"","site-post-title":"","ast-breadcrumbs-content":"","ast-featured-img":"","footer-sml-layout":"","ast-disable-related-posts":"","theme-transparent-header-meta":"","adv-header-id-meta":"","stick-header-meta":"","header-above-stick-meta":"","header-main-stick-meta":"","header-below-stick-meta":"","astra-migrate-meta-layouts":"default","ast-page-background-enabled":"default","ast-page-background-meta":{"desktop":{"background-color":"var(--ast-global-color-4)","background-image":"","background-repeat":"repeat","background-position":"center center","background-size":"auto","background-attachment":"scroll","background-type":"","background-media":"","overlay-type":"","overlay-color":"","overlay-opacity":"","overlay-gradient":""},"tablet":{"background-color":"","background-image":"","background-repeat":"repeat","background-position":"center center","background-size":"auto","background-attachment":"scroll","background-type":"","background-media":"","overlay-type":"","overlay-color":"","overlay-opacity":"","overlay-gradient":""},"mobile":{"background-color":"","background-image":"","background-repeat":"repeat","background-position":"center center","background-size":"auto","background-attachment":"scroll","background-type":"","background-media":"","overlay-type":"","overlay-color":"","overlay-opacity":"","overlay-gradient":""}},"ast-content-background-meta":{"desktop":{"background-color":"var(--ast-global-color-5)","background-image":"","background-repeat":"repeat","background-position":"center center","background-size":"auto","background-attachment":"scroll","background-type":"","background-media":"","overlay-type":"","overlay-color":"","overlay-opacity":"","overlay-gradient":""},"tablet":{"background-color":"var(--ast-global-color-5)","background-image":"","background-repeat":"repeat","background-position":"center center","background-size":"auto","background-attachment":"scroll","background-type":"","background-media":"","overlay-type":"","overlay-color":"","overlay-opacity":"","overlay-gradient":""},"mobile":{"background-color":"var(--ast-global-color-5)","background-image":"","background-repeat":"repeat","background-position":"center center","background-size":"auto","background-attachment":"scroll","background-type":"","background-media":"","overlay-type":"","overlay-color":"","overlay-opacity":"","overlay-gradient":""}}},"service-category":[49,48],"class_list":["post-3340","service","type-service","status-publish","has-post-thumbnail","hentry","service-category-ganztagestouren","service-category-madeira-wandern"],"acf":[],"yoast_head":"<!-- This site is optimized with the Yoast SEO plugin v28.3 - https:\/\/yoast.com\/product\/yoast-seo-wordpress\/ -->\n<title>Fanal - Ganztagestour - Lokoloko Madeira<\/title>\n<meta name=\"robots\" content=\"index, follow, max-snippet:-1, max-image-preview:large, max-video-preview:-1\" \/>\n<link rel=\"canonical\" href=\"https:\/\/lokolokomadeira.com\/de\/tour\/fanal-ganztagestour\/\" \/>\n<meta property=\"og:locale\" content=\"de_DE\" \/>\n<meta property=\"og:type\" content=\"article\" \/>\n<meta property=\"og:title\" content=\"Fanal - Ganztagestour - Lokoloko Madeira\" \/>\n<meta property=\"og:description\" content=\"Fanal ist Madeiras bekanntestes Mountainbike-Revier f\u00fcr technische Fahrer. Der uralte Lorbeerwald im Nordwesten der Insel, bei Nebel und Moos besonders atmosph\u00e4risch, bietet mehrere Enduro-Linien mit Drops, Wurzeln und engen Kurven durch urw\u00fcchsigen Urwald. Auf 1.100 bis 1.300 Metern H\u00f6he ist Fanal auch einer der ersten Punkte der Insel, die von morgendlichem Nebel umh\u00fcllt werden \u2013 [&hellip;]\" \/>\n<meta property=\"og:url\" content=\"https:\/\/lokolokomadeira.com\/de\/tour\/fanal-ganztagestour\/\" \/>\n<meta property=\"og:site_name\" content=\"Lokoloko Madeira\" \/>\n<meta property=\"article:modified_time\" content=\"2026-04-15T18:26:52+00:00\" \/>\n<meta property=\"og:image\" content=\"https:\/\/lokolokomadeira.com\/wp-content\/uploads\/2024\/02\/lokoloko-walks-and-experiences-fanal-4.jpg\" \/>\n\t<meta property=\"og:image:width\" content=\"1840\" \/>\n\t<meta property=\"og:image:height\" content=\"1232\" \/>\n\t<meta property=\"og:image:type\" content=\"image\/jpeg\" \/>\n<meta name=\"twitter:card\" content=\"summary_large_image\" \/>\n<meta name=\"twitter:label1\" content=\"Gesch\u00e4tzte Lesezeit\" \/>\n\t<meta name=\"twitter:data1\" content=\"1\u00a0Minute\" \/>\n<script type=\"application\/ld+json\" class=\"yoast-schema-graph\">{\"@context\":\"https:\\\/\\\/schema.org\",\"@graph\":[{\"@type\":\"WebPage\",\"@id\":\"https:\\\/\\\/lokolokomadeira.com\\\/de\\\/tour\\\/fanal-ganztagestour\\\/\",\"url\":\"https:\\\/\\\/lokolokomadeira.com\\\/de\\\/tour\\\/fanal-ganztagestour\\\/\",\"name\":\"Fanal - Ganztagestour - Lokoloko Madeira\",\"isPartOf\":{\"@id\":\"https:\\\/\\\/lokolokomadeira.com\\\/#website\"},\"primaryImageOfPage\":{\"@id\":\"https:\\\/\\\/lokolokomadeira.com\\\/de\\\/tour\\\/fanal-ganztagestour\\\/#primaryimage\"},\"image\":{\"@id\":\"https:\\\/\\\/lokolokomadeira.com\\\/de\\\/tour\\\/fanal-ganztagestour\\\/#primaryimage\"},\"thumbnailUrl\":\"https:\\\/\\\/lokolokomadeira.com\\\/wp-content\\\/uploads\\\/2024\\\/02\\\/lokoloko-walks-and-experiences-fanal-4.jpg\",\"datePublished\":\"2024-02-08T19:00:57+00:00\",\"dateModified\":\"2026-04-15T18:26:52+00:00\",\"breadcrumb\":{\"@id\":\"https:\\\/\\\/lokolokomadeira.com\\\/de\\\/tour\\\/fanal-ganztagestour\\\/#breadcrumb\"},\"inLanguage\":\"de\",\"potentialAction\":[{\"@type\":\"ReadAction\",\"target\":[\"https:\\\/\\\/lokolokomadeira.com\\\/de\\\/tour\\\/fanal-ganztagestour\\\/\"]}]},{\"@type\":\"ImageObject\",\"inLanguage\":\"de\",\"@id\":\"https:\\\/\\\/lokolokomadeira.com\\\/de\\\/tour\\\/fanal-ganztagestour\\\/#primaryimage\",\"url\":\"https:\\\/\\\/lokolokomadeira.com\\\/wp-content\\\/uploads\\\/2024\\\/02\\\/lokoloko-walks-and-experiences-fanal-4.jpg\",\"contentUrl\":\"https:\\\/\\\/lokolokomadeira.com\\\/wp-content\\\/uploads\\\/2024\\\/02\\\/lokoloko-walks-and-experiences-fanal-4.jpg\",\"width\":1840,\"height\":1232,\"caption\":\"Lokoloko walks and experiences fanal 4 \u2013 Lokoloko Madeira\"},{\"@type\":\"BreadcrumbList\",\"@id\":\"https:\\\/\\\/lokolokomadeira.com\\\/de\\\/tour\\\/fanal-ganztagestour\\\/#breadcrumb\",\"itemListElement\":[{\"@type\":\"ListItem\",\"position\":1,\"name\":\"Home\",\"item\":\"https:\\\/\\\/lokolokomadeira.com\\\/de\\\/\"},{\"@type\":\"ListItem\",\"position\":2,\"name\":\"Tours\",\"item\":\"https:\\\/\\\/lokolokomadeira.com\\\/tour\\\/\"},{\"@type\":\"ListItem\",\"position\":3,\"name\":\"Fanal &#8211; Ganztagestour\"}]},{\"@type\":\"WebSite\",\"@id\":\"https:\\\/\\\/lokolokomadeira.com\\\/#website\",\"url\":\"https:\\\/\\\/lokolokomadeira.com\\\/\",\"name\":\"Lokoloko Madeira\",\"description\":\"\",\"publisher\":{\"@id\":\"https:\\\/\\\/lokolokomadeira.com\\\/#organization\"},\"potentialAction\":[{\"@type\":\"SearchAction\",\"target\":{\"@type\":\"EntryPoint\",\"urlTemplate\":\"https:\\\/\\\/lokolokomadeira.com\\\/?s={search_term_string}\"},\"query-input\":{\"@type\":\"PropertyValueSpecification\",\"valueRequired\":true,\"valueName\":\"search_term_string\"}}],\"inLanguage\":\"de\"},{\"@type\":\"Organization\",\"@id\":\"https:\\\/\\\/lokolokomadeira.com\\\/#organization\",\"name\":\"Lokoloko Madeira\",\"url\":\"https:\\\/\\\/lokolokomadeira.com\\\/\",\"logo\":{\"@type\":\"ImageObject\",\"inLanguage\":\"de\",\"@id\":\"https:\\\/\\\/lokolokomadeira.com\\\/#\\\/schema\\\/logo\\\/image\\\/\",\"url\":\"https:\\\/\\\/lokolokomadeira.com\\\/wp-content\\\/uploads\\\/2024\\\/01\\\/logo-lokoloko-inverted-footer.svg\",\"contentUrl\":\"https:\\\/\\\/lokolokomadeira.com\\\/wp-content\\\/uploads\\\/2024\\\/01\\\/logo-lokoloko-inverted-footer.svg\",\"caption\":\"Lokoloko Madeira\"},\"image\":{\"@id\":\"https:\\\/\\\/lokolokomadeira.com\\\/#\\\/schema\\\/logo\\\/image\\\/\"}}]}<\/script>\n<!-- \/ Yoast SEO plugin. -->","yoast_head_json":{"title":"Fanal - Ganztagestour - Lokoloko Madeira","robots":{"index":"index","follow":"follow","max-snippet":"max-snippet:-1","max-image-preview":"max-image-preview:large","max-video-preview":"max-video-preview:-1"},"canonical":"https:\/\/lokolokomadeira.com\/de\/tour\/fanal-ganztagestour\/","og_locale":"de_DE","og_type":"article","og_title":"Fanal - Ganztagestour - Lokoloko Madeira","og_description":"Fanal ist Madeiras bekanntestes Mountainbike-Revier f\u00fcr technische Fahrer. Der uralte Lorbeerwald im Nordwesten der Insel, bei Nebel und Moos besonders atmosph\u00e4risch, bietet mehrere Enduro-Linien mit Drops, Wurzeln und engen Kurven durch urw\u00fcchsigen Urwald. Auf 1.100 bis 1.300 Metern H\u00f6he ist Fanal auch einer der ersten Punkte der Insel, die von morgendlichem Nebel umh\u00fcllt werden \u2013 [&hellip;]","og_url":"https:\/\/lokolokomadeira.com\/de\/tour\/fanal-ganztagestour\/","og_site_name":"Lokoloko Madeira","article_modified_time":"2026-04-15T18:26:52+00:00","og_image":[{"width":1840,"height":1232,"url":"https:\/\/lokolokomadeira.com\/wp-content\/uploads\/2024\/02\/lokoloko-walks-and-experiences-fanal-4.jpg","type":"image\/jpeg"}],"twitter_card":"summary_large_image","twitter_misc":{"Gesch\u00e4tzte Lesezeit":"1\u00a0Minute"},"schema":{"@context":"https:\/\/schema.org","@graph":[{"@type":"WebPage","@id":"https:\/\/lokolokomadeira.com\/de\/tour\/fanal-ganztagestour\/","url":"https:\/\/lokolokomadeira.com\/de\/tour\/fanal-ganztagestour\/","name":"Fanal - Ganztagestour - Lokoloko Madeira","isPartOf":{"@id":"https:\/\/lokolokomadeira.com\/#website"},"primaryImageOfPage":{"@id":"https:\/\/lokolokomadeira.com\/de\/tour\/fanal-ganztagestour\/#primaryimage"},"image":{"@id":"https:\/\/lokolokomadeira.com\/de\/tour\/fanal-ganztagestour\/#primaryimage"},"thumbnailUrl":"https:\/\/lokolokomadeira.com\/wp-content\/uploads\/2024\/02\/lokoloko-walks-and-experiences-fanal-4.jpg","datePublished":"2024-02-08T19:00:57+00:00","dateModified":"2026-04-15T18:26:52+00:00","breadcrumb":{"@id":"https:\/\/lokolokomadeira.com\/de\/tour\/fanal-ganztagestour\/#breadcrumb"},"inLanguage":"de","potentialAction":[{"@type":"ReadAction","target":["https:\/\/lokolokomadeira.com\/de\/tour\/fanal-ganztagestour\/"]}]},{"@type":"ImageObject","inLanguage":"de","@id":"https:\/\/lokolokomadeira.com\/de\/tour\/fanal-ganztagestour\/#primaryimage","url":"https:\/\/lokolokomadeira.com\/wp-content\/uploads\/2024\/02\/lokoloko-walks-and-experiences-fanal-4.jpg","contentUrl":"https:\/\/lokolokomadeira.com\/wp-content\/uploads\/2024\/02\/lokoloko-walks-and-experiences-fanal-4.jpg","width":1840,"height":1232,"caption":"Lokoloko walks and experiences fanal 4 \u2013 Lokoloko Madeira"},{"@type":"BreadcrumbList","@id":"https:\/\/lokolokomadeira.com\/de\/tour\/fanal-ganztagestour\/#breadcrumb","itemListElement":[{"@type":"ListItem","position":1,"name":"Home","item":"https:\/\/lokolokomadeira.com\/de\/"},{"@type":"ListItem","position":2,"name":"Tours","item":"https:\/\/lokolokomadeira.com\/tour\/"},{"@type":"ListItem","position":3,"name":"Fanal &#8211; Ganztagestour"}]},{"@type":"WebSite","@id":"https:\/\/lokolokomadeira.com\/#website","url":"https:\/\/lokolokomadeira.com\/","name":"Lokoloko Madeira","description":"","publisher":{"@id":"https:\/\/lokolokomadeira.com\/#organization"},"potentialAction":[{"@type":"SearchAction","target":{"@type":"EntryPoint","urlTemplate":"https:\/\/lokolokomadeira.com\/?s={search_term_string}"},"query-input":{"@type":"PropertyValueSpecification","valueRequired":true,"valueName":"search_term_string"}}],"inLanguage":"de"},{"@type":"Organization","@id":"https:\/\/lokolokomadeira.com\/#organization","name":"Lokoloko Madeira","url":"https:\/\/lokolokomadeira.com\/","logo":{"@type":"ImageObject","inLanguage":"de","@id":"https:\/\/lokolokomadeira.com\/#\/schema\/logo\/image\/","url":"https:\/\/lokolokomadeira.com\/wp-content\/uploads\/2024\/01\/logo-lokoloko-inverted-footer.svg","contentUrl":"https:\/\/lokolokomadeira.com\/wp-content\/uploads\/2024\/01\/logo-lokoloko-inverted-footer.svg","caption":"Lokoloko Madeira"},"image":{"@id":"https:\/\/lokolokomadeira.com\/#\/schema\/logo\/image\/"}}]}},"_links":{"self":[{"href":"https:\/\/lokolokomadeira.com\/de\/wp-json\/wp\/v2\/service\/3340","targetHints":{"allow":["GET"]}}],"collection":[{"href":"https:\/\/lokolokomadeira.com\/de\/wp-json\/wp\/v2\/service"}],"about":[{"href":"https:\/\/lokolokomadeira.com\/de\/wp-json\/wp\/v2\/types\/service"}],"wp:featuredmedia":[{"embeddable":true,"href":"https:\/\/lokolokomadeira.com\/de\/wp-json\/wp\/v2\/media\/2741"}],"wp:attachment":[{"href":"https:\/\/lokolokomadeira.com\/de\/wp-json\/wp\/v2\/media?parent=3340"}],"wp:term":[{"taxonomy":"service-category","embeddable":true,"href":"https:\/\/lokolokomadeira.com\/de\/wp-json\/wp\/v2\/service-category?post=3340"}],"curies":[{"name":"wp","href":"https:\/\/api.w.org\/{rel}","templated":true}]}}